{"id":4013,"date":"2024-08-06T17:07:33","date_gmt":"2024-08-06T15:07:33","guid":{"rendered":"https:\/\/www.assap.ad\/?page_id=4013"},"modified":"2024-10-08T11:26:53","modified_gmt":"2024-10-08T09:26:53","slug":"d-o-directivos-administradores","status":"publish","type":"page","link":"https:\/\/www.assap.ad\/es\/seguros-andorra\/d-o-directivos-administradores\/","title":{"rendered":"D&#038;O (directivos y administradores)"},"content":{"rendered":"<p>[et_pb_section fb_built=\u00bb1&#8243; admin_label=\u00bbTodo riesgo construcci\u00f3n\u00bb _builder_version=\u00bb4.27.0&#8243; _module_preset=\u00bbdefault\u00bb background_color=\u00bb#F3F8FC\u00bb custom_padding=\u00bb0px||0px||true|\u00bb locked=\u00bboff\u00bb global_colors_info=\u00bb{}\u00bb][et_pb_row column_structure=\u00bb1_2,1_2&#8243; use_custom_gutter=\u00bbon\u00bb gutter_width=\u00bb1&#8243; make_equal=\u00bbon\u00bb _builder_version=\u00bb4.27.0&#8243; _module_preset=\u00bbdefault\u00bb background_enable_color=\u00bboff\u00bb width=\u00bb100%\u00bb width_tablet=\u00bb100%\u00bb width_phone=\u00bb100%\u00bb width_last_edited=\u00bboff|phone\u00bb max_width=\u00bb1301px\u00bb custom_padding=\u00bb0px||0px||true|false\u00bb global_colors_info=\u00bb{}\u00bb custom_css_main_element__hover_enabled=\u00bboff|desktop\u00bb custom_css_main_element_last_edited=\u00bbon|tablet\u00bb custom_css_main_element_tablet=\u00bbdisplay: flex;||flex-direction: column-reverse;\u00bb custom_css_main_element_phone=\u00bbdisplay: flex;||flex-direction: column-reverse;\u00bb][et_pb_column type=\u00bb1_2&#8243; _builder_version=\u00bb4.27.0&#8243; _module_preset=\u00bbdefault\u00bb custom_padding=\u00bb40px|5.5%|5.5%|5.5%|false|true\u00bb custom_padding_tablet=\u00bb30px|8%|9%|8%|false|true\u00bb custom_padding_phone=\u00bb30px|10%|15%|10%|false|true\u00bb custom_padding_last_edited=\u00bbon|phone\u00bb custom_css_main_element=\u00bbdisplay: flex;||flex-direction: column;||justify-content: space-between;||\u00bb global_colors_info=\u00bb{}\u00bb custom_css_main_element_last_edited=\u00bboff|desktop\u00bb custom_css_main_element_tablet=\u00bbdisplay: flex;||flex-direction: column;||justify-content: space-between;||\u00bb][et_pb_code module_class=\u00bbbreadcrumb\u00bb _builder_version=\u00bb4.27.0&#8243; _module_preset=\u00bbdefault\u00bb custom_margin=\u00bb||30px||false|false\u00bb locked=\u00bboff\u00bb global_colors_info=\u00bb{}\u00bb]<nav aria-label=\"breadcrumbs\" class=\"rank-math-breadcrumb\"><p><a href=\"https:\/\/www.assap.ad\/es\/\">Inicio<\/a><span class=\"separator\"> &gt; <\/span><a href=\"https:\/\/www.assap.ad\/es\/\">Seguros Andorra<\/a><span class=\"separator\"> &gt; <\/span><span class=\"last\">Inicio<\/span><\/p><\/nav>[\/et_pb_code][et_pb_text _builder_version=\u00bb4.27.0&#8243; _module_preset=\u00bbdefault\u00bb header_2_text_color=\u00bb#FFFFFF\u00bb animation_style=\u00bbslide\u00bb animation_direction=\u00bbtop\u00bb global_colors_info=\u00bb{}\u00bb]<\/p>\n<h1>D&amp;O (directivos y administradores)<\/h1>\n<p>[\/et_pb_text][et_pb_text _builder_version=\u00bb4.27.0&#8243; _module_preset=\u00bbdefault\u00bb custom_margin=\u00bb35px||40px||false|false\u00bb custom_margin_tablet=\u00bb30px||35px||false|false\u00bb custom_margin_phone=\u00bb20px||25px||false|false\u00bb custom_margin_last_edited=\u00bbon|desktop\u00bb text_line_height_last_edited=\u00bboff|phone\u00bb locked=\u00bboff\u00bb global_colors_info=\u00bb{}\u00bb]<\/p>\n<p>\u00bfEres directivo o administrador empresarial? \u00bfBuscas protegerte ante posibles da\u00f1os causados a terceros durante tus operaciones?<\/p>\n<p>En ASSAP hemos dise\u00f1ado un seguro espec\u00edfico para administradores y directivos que protege tu patrimonio personal ante posibles reclamaciones de acreedores, accionistas o empleados, por actos incorrectos en el ejercicio de tu cargo.<\/p>\n<p>Con esta cobertura puedes tener la confianza de que, en caso de incidentes relacionados con la operatividad de tu negocio, cuentas con un respaldo s\u00f3lido y confiable.<\/p>\n<p>[\/et_pb_text][et_pb_button button_url=\u00bb#solicitar-presupuesto\u00bb button_text=\u00bb\u00a1Solicitar presupuesto!\u00bb _builder_version=\u00bb4.27.0&#8243; _module_preset=\u00bbdefault\u00bb custom_margin=\u00bb||||false|false\u00bb custom_css_free_form=\u00bbselector.et_pb_button:hover {background-color: #00538e!important;}\u00bb locked=\u00bboff\u00bb global_colors_info=\u00bb{}\u00bb button_text_color__hover_enabled=\u00bbon|hover\u00bb button_text_color__hover=\u00bb#FFFFFF\u00bb button_bg_color__hover_enabled=\u00bbon|hover\u00bb button_bg_color__hover=\u00bb#00538e\u00bb button_bg_enable_color__hover=\u00bbon\u00bb custom_css_main_element__hover_enabled=\u00bboff|hover\u00bb][\/et_pb_button][\/et_pb_column][et_pb_column type=\u00bb1_2&#8243; _builder_version=\u00bb4.27.0&#8243; _dynamic_attributes=\u00bbbackground_image\u00bb _module_preset=\u00bbdefault\u00bb background_image=\u00bb@ET-DC@eyJkeW5hbWljIjp0cnVlLCJjb250ZW50IjoicG9zdF9mZWF0dXJlZF9pbWFnZSIsInNldHRpbmdzIjp7fX0=@\u00bb global_colors_info=\u00bb{}\u00bb custom_css_main_element_last_edited=\u00bbon|phone\u00bb custom_css_main_element_tablet=\u00bbmin-height: 400px!important;||display: block!important;\u00bb custom_css_main_element_phone=\u00bbmin-height: 396px!important;||display: block!important;\u00bb][\/et_pb_column][\/et_pb_row][\/et_pb_section][et_pb_section fb_built=\u00bb1&#8243; admin_label=\u00bb\u00bfEn qu\u00e9 consiste el seguro?\u00bb _builder_version=\u00bb4.25.2&#8243; _module_preset=\u00bbdefault\u00bb custom_padding=\u00bb||||false|false\u00bb global_colors_info=\u00bb{}\u00bb][et_pb_row _builder_version=\u00bb4.27.0&#8243; _module_preset=\u00bbdefault\u00bb width_tablet=\u00bb84.05%\u00bb width_phone=\u00bb80.05%\u00bb width_last_edited=\u00bbon|tablet\u00bb global_colors_info=\u00bb{}\u00bb][et_pb_column type=\u00bb4_4&#8243; admin_label=\u00bbColumna\u00bb _builder_version=\u00bb4.25.2&#8243; _module_preset=\u00bbdefault\u00bb global_colors_info=\u00bb{}\u00bb][et_pb_text admin_label=\u00bbh2&#8243; _builder_version=\u00bb4.27.0&#8243; _module_preset=\u00bbdefault\u00bb header_2_text_align=\u00bbcenter\u00bb max_width=\u00bb540px\u00bb module_alignment=\u00bbcenter\u00bb animation_style=\u00bbslide\u00bb animation_direction=\u00bbtop\u00bb header_2_text_align_tablet=\u00bbleft\u00bb header_2_text_align_phone=\u00bbleft\u00bb header_2_text_align_last_edited=\u00bbon|tablet\u00bb module_alignment_tablet=\u00bbleft\u00bb module_alignment_phone=\u00bbleft\u00bb module_alignment_last_edited=\u00bbon|tablet\u00bb global_colors_info=\u00bb{}\u00bb]<\/p>\n<h2>\u00bfEn qu\u00e9 consiste el seguro de directivos y administradores?<\/h2>\n<p>[\/et_pb_text][\/et_pb_column][\/et_pb_row][et_pb_row _builder_version=\u00bb4.27.0&#8243; _module_preset=\u00bbdefault\u00bb width_tablet=\u00bb84.05%\u00bb width_phone=\u00bb80.05%\u00bb custom_padding=\u00bb0px|||||\u00bb global_colors_info=\u00bb{}\u00bb][et_pb_column type=\u00bb4_4&#8243; _builder_version=\u00bb4.25.2&#8243; _module_preset=\u00bbdefault\u00bb global_colors_info=\u00bb{}\u00bb][et_pb_text admin_label=\u00bbTexto\u00bb _builder_version=\u00bb4.27.2&#8243; _module_preset=\u00bbdefault\u00bb text_orientation=\u00bbcenter\u00bb max_width=\u00bb912px\u00bb max_width_tablet=\u00bb100%\u00bb max_width_phone=\u00bb100%\u00bb max_width_last_edited=\u00bbon|tablet\u00bb module_alignment=\u00bbcenter\u00bb hover_enabled=\u00bb0&#8243; text_orientation_tablet=\u00bbleft\u00bb text_orientation_phone=\u00bbleft\u00bb text_orientation_last_edited=\u00bbon|phone\u00bb module_alignment_tablet=\u00bbleft\u00bb module_alignment_phone=\u00bbleft\u00bb module_alignment_last_edited=\u00bbon|tablet\u00bb global_colors_info=\u00bb{}\u00bb sticky_enabled=\u00bb0&#8243;]<\/p>\n<p class=\"p1\">El seguro de directivos y administradores ofrece protecci\u00f3n al patrimonio personal de estos profesionales frente a reclamaciones por actos de gesti\u00f3n. Cubre responsabilidades civiles, legales y financieras, e incluye costos judiciales y compensaciones. Extiende la protecci\u00f3n a bienes personales y familiares, y asegura un respaldo integral tanto en el \u00e1mbito corporativo como personal.<\/p>\n<p>[\/et_pb_text][\/et_pb_column][\/et_pb_row][\/et_pb_section][et_pb_section fb_built=\u00bb1&#8243; admin_label=\u00bb\u00bfQu\u00e9 cubre?\u00bb _builder_version=\u00bb4.25.2&#8243; _module_preset=\u00bbdefault\u00bb background_color=\u00bb#F3F8FC\u00bb global_colors_info=\u00bb{}\u00bb][et_pb_row _builder_version=\u00bb4.27.0&#8243; _module_preset=\u00bbdefault\u00bb global_colors_info=\u00bb{}\u00bb][et_pb_column type=\u00bb4_4&#8243; admin_label=\u00bbColumna\u00bb _builder_version=\u00bb4.25.2&#8243; _module_preset=\u00bbdefault\u00bb global_colors_info=\u00bb{}\u00bb][et_pb_text admin_label=\u00bbh2&#8243; _builder_version=\u00bb4.27.2&#8243; _module_preset=\u00bbdefault\u00bb header_2_font=\u00bb||||||||\u00bb header_2_text_align=\u00bbcenter\u00bb max_width=\u00bb420px\u00bb max_width_tablet=\u00bb350px\u00bb max_width_phone=\u00bb350px\u00bb max_width_last_edited=\u00bbon|phone\u00bb module_alignment=\u00bbcenter\u00bb animation_style=\u00bbslide\u00bb animation_direction=\u00bbtop\u00bb hover_enabled=\u00bb0&#8243; locked=\u00bboff\u00bb global_colors_info=\u00bb{}\u00bb sticky_enabled=\u00bb0&#8243;]<\/p>\n<h2>\u00bfQu\u00e9 cubre D&amp;O (directivos y administradores)?<\/h2>\n<p>[\/et_pb_text][\/et_pb_column][\/et_pb_row][et_pb_row column_structure=\u00bb1_2,1_2&#8243; _builder_version=\u00bb4.27.0&#8243; _module_preset=\u00bbdefault\u00bb width_phone=\u00bb85%\u00bb custom_padding=\u00bb||||false|false\u00bb global_colors_info=\u00bb{}\u00bb][et_pb_column type=\u00bb1_2&#8243; _builder_version=\u00bb4.25.2&#8243; _module_preset=\u00bbdefault\u00bb global_colors_info=\u00bb{}\u00bb][et_pb_text admin_label=\u00bbh3&#8243; _builder_version=\u00bb4.26.0&#8243; _module_preset=\u00bbdefault\u00bb text_font=\u00bb||||||||\u00bb header_3_text_align=\u00bbcenter\u00bb text_orientation=\u00bbcenter\u00bb min_height=\u00bb90px\u00bb min_height_tablet=\u00bb\u00bb min_height_phone=\u00bb\u00bb min_height_last_edited=\u00bbon|phone\u00bb custom_margin=\u00bb||||false|false\u00bb custom_padding=\u00bb||||false|false\u00bb header_2_font_size_tablet=\u00bb\u00bb header_2_font_size_phone=\u00bb\u00bb header_2_font_size_last_edited=\u00bbon|phone\u00bb header_4_font_size_tablet=\u00bb\u00bb header_4_font_size_phone=\u00bb\u00bb header_4_font_size_last_edited=\u00bbon|desktop\u00bb global_colors_info=\u00bb{}\u00bb]<\/p>\n<h3>Coberturas incluidas<\/h3>\n<p>Con y sin franquicia *<\/p>\n<p>[\/et_pb_text][et_pb_toggle title=\u00bbResponsabilidad civil de explotaci\u00f3n\u00bb open_toggle_text_color=\u00bb#1E608E\u00bb open_toggle_background_color=\u00bbRGBA(255,255,255,0)\u00bb closed_toggle_background_color=\u00bbRGBA(255,255,255,0)\u00bb icon_color=\u00bb#1E608E\u00bb toggle_icon=\u00bb&#x4c;||divi||400&#8243; open_icon_color=\u00bb#1E608E\u00bb open_toggle_icon=\u00bb&#x4b;||divi||400&#8243; admin_label=\u00bbMantenimiento de un a\u00f1o\u00bb module_class=\u00bblista\u00bb _builder_version=\u00bb4.27.2&#8243; _module_preset=\u00bbdefault\u00bb title_text_color=\u00bb#1E608E\u00bb title_font=\u00bb||||||||\u00bb closed_title_font=\u00bb||||||||\u00bb body_font=\u00bb||||||||\u00bb body_text_color=\u00bb#1E608E\u00bb custom_margin=\u00bb||0px||false|false\u00bb custom_padding=\u00bb||0px||false|false\u00bb hover_enabled=\u00bb0&#8243; title_font_size_tablet=\u00bb\u00bb title_font_size_phone=\u00bb\u00bb title_font_size_last_edited=\u00bbon|desktop\u00bb closed_title_font_size_tablet=\u00bb\u00bb closed_title_font_size_phone=\u00bb\u00bb closed_title_font_size_last_edited=\u00bbon|phone\u00bb body_font_size_tablet=\u00bb18px\u00bb body_font_size_phone=\u00bb15px\u00bb body_font_size_last_edited=\u00bbon|phone\u00bb border_width_all=\u00bb0px\u00bb global_colors_info=\u00bb{}\u00bb sticky_enabled=\u00bb0&#8243;]<\/p>\n<p class=\"p1\">En caso de demandas civiles, la compa\u00f1\u00eda se har\u00e1 cargo de las indemnizaciones por las que el asegurado sea declarado responsable. Adem\u00e1s, la p\u00f3liza cubre los costos judiciales que puedan surgir de cualquier proceso legal vinculado a esta responsabilidad.<\/p>\n<p>[\/et_pb_toggle][et_pb_toggle title=\u00bbResponsabilidad civil profesional\u00bb open_toggle_text_color=\u00bb#1E608E\u00bb open_toggle_background_color=\u00bbRGBA(255,255,255,0)\u00bb closed_toggle_background_color=\u00bbRGBA(255,255,255,0)\u00bb icon_color=\u00bb#1E608E\u00bb toggle_icon=\u00bb&#x4c;||divi||400&#8243; open_icon_color=\u00bb#1E608E\u00bb open_toggle_icon=\u00bb&#x4b;||divi||400&#8243; admin_label=\u00bbMantenimiento de un a\u00f1o\u00bb module_class=\u00bblista\u00bb _builder_version=\u00bb4.27.0&#8243; _module_preset=\u00bbdefault\u00bb title_text_color=\u00bb#1E608E\u00bb title_font=\u00bb||||||||\u00bb closed_title_font=\u00bb||||||||\u00bb body_font=\u00bb||||||||\u00bb body_text_color=\u00bb#1E608E\u00bb custom_margin=\u00bb||0px||false|false\u00bb custom_padding=\u00bb||0px||false|false\u00bb title_font_size_tablet=\u00bb\u00bb title_font_size_phone=\u00bb\u00bb title_font_size_last_edited=\u00bbon|desktop\u00bb closed_title_font_size_tablet=\u00bb\u00bb closed_title_font_size_phone=\u00bb\u00bb closed_title_font_size_last_edited=\u00bbon|phone\u00bb body_font_size_tablet=\u00bb18px\u00bb body_font_size_phone=\u00bb15px\u00bb body_font_size_last_edited=\u00bbon|phone\u00bb border_width_all=\u00bb0px\u00bb global_colors_info=\u00bb{}\u00bb]Garantiza el pago por parte de la compa\u00f1\u00eda de las indemnizaciones de las que el asegurado sea civilmente responsable, as\u00ed como de los gastos judiciales que resulten de los posibles juicios exigidos al asegurado. Destinada a profesiones liberales (profesionales de la salud, abogados).[\/et_pb_toggle][et_pb_toggle title=\u00bbCobertura de los bienes personales, de la pareja, de los herederos y de los representantes legales\u00bb open_toggle_text_color=\u00bb#1E608E\u00bb open_toggle_background_color=\u00bbRGBA(255,255,255,0)\u00bb closed_toggle_background_color=\u00bbRGBA(255,255,255,0)\u00bb icon_color=\u00bb#1E608E\u00bb toggle_icon=\u00bb&#x4c;||divi||400&#8243; open_icon_color=\u00bb#1E608E\u00bb open_toggle_icon=\u00bb&#x4b;||divi||400&#8243; admin_label=\u00bbMantenimiento de un a\u00f1o\u00bb module_class=\u00bblista\u00bb _builder_version=\u00bb4.27.2&#8243; _module_preset=\u00bbdefault\u00bb title_text_color=\u00bb#1E608E\u00bb title_font=\u00bb||||||||\u00bb closed_title_font=\u00bb||||||||\u00bb body_font=\u00bb||||||||\u00bb body_text_color=\u00bb#1E608E\u00bb custom_margin=\u00bb||0px||false|false\u00bb custom_padding=\u00bb||0px||false|false\u00bb hover_enabled=\u00bb0&#8243; title_font_size_tablet=\u00bb\u00bb title_font_size_phone=\u00bb\u00bb title_font_size_last_edited=\u00bbon|desktop\u00bb closed_title_font_size_tablet=\u00bb\u00bb closed_title_font_size_phone=\u00bb\u00bb closed_title_font_size_last_edited=\u00bbon|phone\u00bb body_font_size_tablet=\u00bb18px\u00bb body_font_size_phone=\u00bb15px\u00bb body_font_size_last_edited=\u00bbon|phone\u00bb border_width_all=\u00bb0px\u00bb global_colors_info=\u00bb{}\u00bb sticky_enabled=\u00bb0&#8243;]<\/p>\n<p class=\"p1\">Proporciona una protecci\u00f3n integral al patrimonio personal del asegurado frente a potenciales implicaciones legales derivadas de sus decisiones. Adem\u00e1s, se ampl\u00eda para abarcar los bienes de su pareja, herederos y representantes legales, y asegura la paz y protecci\u00f3n de su legado y familia ante cualquier circunstancia jur\u00eddica.<\/p>\n<p>[\/et_pb_toggle][et_pb_toggle title=\u00bbCobertura para las distintas figuras de la sociedad\u00bb open_toggle_text_color=\u00bb#1E608E\u00bb open_toggle_background_color=\u00bbRGBA(255,255,255,0)\u00bb closed_toggle_background_color=\u00bbRGBA(255,255,255,0)\u00bb icon_color=\u00bb#1E608E\u00bb toggle_icon=\u00bb&#x4c;||divi||400&#8243; open_icon_color=\u00bb#1E608E\u00bb open_toggle_icon=\u00bb&#x4b;||divi||400&#8243; admin_label=\u00bbMantenimiento de un a\u00f1o\u00bb module_class=\u00bblista\u00bb _builder_version=\u00bb4.27.2&#8243; _module_preset=\u00bbdefault\u00bb title_text_color=\u00bb#1E608E\u00bb title_font=\u00bb||||||||\u00bb closed_title_font=\u00bb||||||||\u00bb body_font=\u00bb||||||||\u00bb body_text_color=\u00bb#1E608E\u00bb custom_margin=\u00bb||0px||false|false\u00bb custom_padding=\u00bb||0px||false|false\u00bb hover_enabled=\u00bb0&#8243; title_font_size_tablet=\u00bb\u00bb title_font_size_phone=\u00bb\u00bb title_font_size_last_edited=\u00bbon|desktop\u00bb closed_title_font_size_tablet=\u00bb\u00bb closed_title_font_size_phone=\u00bb\u00bb closed_title_font_size_last_edited=\u00bbon|phone\u00bb body_font_size_tablet=\u00bb18px\u00bb body_font_size_phone=\u00bb15px\u00bb body_font_size_last_edited=\u00bbon|phone\u00bb border_width_all=\u00bb0px\u00bb global_colors_info=\u00bb{}\u00bb sticky_enabled=\u00bb0&#8243;]<\/p>\n<p class=\"p1\">Brinda protecci\u00f3n especializada a todas las figuras clave de la sociedad, incluidos el director, administradores, sociedades filiales, secretario y vicesecretario, entre otros, y garantiza seguridad y respaldo integral ante contingencias legales en el \u00e1mbito corporativo.<\/p>\n<p>[\/et_pb_toggle][et_pb_toggle title=\u00bbAsistencia judicial\u00bb open_toggle_text_color=\u00bb#1E608E\u00bb open_toggle_background_color=\u00bbRGBA(255,255,255,0)\u00bb closed_toggle_background_color=\u00bbRGBA(255,255,255,0)\u00bb icon_color=\u00bb#1E608E\u00bb toggle_icon=\u00bb&#x4c;||divi||400&#8243; open_icon_color=\u00bb#1E608E\u00bb open_toggle_icon=\u00bb&#x4b;||divi||400&#8243; admin_label=\u00bbMantenimiento de un a\u00f1o\u00bb module_class=\u00bblista\u00bb _builder_version=\u00bb4.27.0&#8243; _module_preset=\u00bbdefault\u00bb title_text_color=\u00bb#1E608E\u00bb title_font=\u00bb||||||||\u00bb closed_title_font=\u00bb||||||||\u00bb body_font=\u00bb||||||||\u00bb body_text_color=\u00bb#1E608E\u00bb custom_margin=\u00bb||0px||false|false\u00bb custom_padding=\u00bb||0px||false|false\u00bb title_font_size_tablet=\u00bb\u00bb title_font_size_phone=\u00bb\u00bb title_font_size_last_edited=\u00bbon|desktop\u00bb closed_title_font_size_tablet=\u00bb\u00bb closed_title_font_size_phone=\u00bb\u00bb closed_title_font_size_last_edited=\u00bbon|phone\u00bb body_font_size_tablet=\u00bb18px\u00bb body_font_size_phone=\u00bb15px\u00bb body_font_size_last_edited=\u00bbon|phone\u00bb border_width_all=\u00bb0px\u00bb global_colors_info=\u00bb{}\u00bb]Cubre costes, honorarios legales y gastos necesarios para que el directivo o gerente pueda establecer su defensa y representaci\u00f3n en el \u00e1mbito jur\u00eddico en caso de reclamaci\u00f3n.[\/et_pb_toggle][et_pb_toggle title=\u00bbExtensi\u00f3n de la cobertura m\u00e1s all\u00e1 del vencimiento\u00bb open_toggle_text_color=\u00bb#1E608E\u00bb open_toggle_background_color=\u00bbRGBA(255,255,255,0)\u00bb closed_toggle_background_color=\u00bbRGBA(255,255,255,0)\u00bb icon_color=\u00bb#1E608E\u00bb toggle_icon=\u00bb&#x4c;||divi||400&#8243; open_icon_color=\u00bb#1E608E\u00bb open_toggle_icon=\u00bb&#x4b;||divi||400&#8243; admin_label=\u00bbMantenimiento de un a\u00f1o\u00bb module_class=\u00bblista\u00bb _builder_version=\u00bb4.27.0&#8243; _module_preset=\u00bbdefault\u00bb title_text_color=\u00bb#1E608E\u00bb title_font=\u00bb||||||||\u00bb closed_title_font=\u00bb||||||||\u00bb body_font=\u00bb||||||||\u00bb body_text_color=\u00bb#1E608E\u00bb custom_margin=\u00bb||0px||false|false\u00bb custom_padding=\u00bb||0px||false|false\u00bb title_font_size_tablet=\u00bb\u00bb title_font_size_phone=\u00bb\u00bb title_font_size_last_edited=\u00bbon|desktop\u00bb closed_title_font_size_tablet=\u00bb\u00bb closed_title_font_size_phone=\u00bb\u00bb closed_title_font_size_last_edited=\u00bbon|phone\u00bb body_font_size_tablet=\u00bb18px\u00bb body_font_size_phone=\u00bb15px\u00bb body_font_size_last_edited=\u00bbon|phone\u00bb border_width_all=\u00bb0px\u00bb global_colors_info=\u00bb{}\u00bb]Esta cobertura garantiza que, incluso despu\u00e9s de que la p\u00f3liza original haya expirado, el asegurado seguir\u00e1 estando protegido por un per\u00edodo determinado. Esto es especialmente relevante para reclamaciones que pueden surgir despu\u00e9s del vencimiento de la p\u00f3liza, pero que est\u00e1n relacionadas con eventos que ocurrieron mientras la p\u00f3liza estaba vigente.[\/et_pb_toggle][\/et_pb_column][et_pb_column type=\u00bb1_2&#8243; _builder_version=\u00bb4.26.0&#8243; _module_preset=\u00bbdefault\u00bb custom_padding_tablet=\u00bb60px||||false|false\u00bb custom_padding_phone=\u00bb50px||||false|false\u00bb custom_padding_last_edited=\u00bbon|phone\u00bb global_colors_info=\u00bb{}\u00bb][et_pb_text admin_label=\u00bbh3&#8243; _builder_version=\u00bb4.26.0&#8243; _module_preset=\u00bbdefault\u00bb text_font=\u00bb||||||||\u00bb header_3_text_align=\u00bbcenter\u00bb min_height=\u00bb90px\u00bb min_height_tablet=\u00bb\u00bb min_height_phone=\u00bb\u00bb min_height_last_edited=\u00bbon|tablet\u00bb custom_margin=\u00bb||||false|false\u00bb custom_padding=\u00bb||||false|false\u00bb header_2_font_size_tablet=\u00bb\u00bb header_2_font_size_phone=\u00bb\u00bb header_2_font_size_last_edited=\u00bbon|phone\u00bb header_4_font_size_tablet=\u00bb\u00bb header_4_font_size_phone=\u00bb\u00bb header_4_font_size_last_edited=\u00bbon|desktop\u00bb global_colors_info=\u00bb{}\u00bb]<\/p>\n<h3>Coberturas adicionales<\/h3>\n<p>[\/et_pb_text][et_pb_toggle title=\u00bbReclamaci\u00f3n por pr\u00e1cticas laborales\u00bb open_toggle_text_color=\u00bb#1E608E\u00bb open_toggle_background_color=\u00bbRGBA(255,255,255,0)\u00bb closed_toggle_background_color=\u00bbRGBA(255,255,255,0)\u00bb icon_color=\u00bb#1E608E\u00bb toggle_icon=\u00bb&#x4c;||divi||400&#8243; open_icon_color=\u00bb#1E608E\u00bb open_toggle_icon=\u00bb&#x4b;||divi||400&#8243; admin_label=\u00bbCostes de desescombro o demolici\u00f3n\u00bb module_class=\u00bblista\u00bb _builder_version=\u00bb4.27.0&#8243; _module_preset=\u00bbdefault\u00bb title_text_color=\u00bb#1E608E\u00bb title_font=\u00bb||||||||\u00bb closed_title_font=\u00bb||||||||\u00bb body_font=\u00bb||||||||\u00bb body_text_color=\u00bb#1E608E\u00bb custom_margin=\u00bb||0px||false|false\u00bb custom_padding=\u00bb||0px||false|false\u00bb title_font_size_tablet=\u00bb\u00bb title_font_size_phone=\u00bb\u00bb title_font_size_last_edited=\u00bbon|desktop\u00bb closed_title_font_size_tablet=\u00bb\u00bb closed_title_font_size_phone=\u00bb\u00bb closed_title_font_size_last_edited=\u00bbon|phone\u00bb body_font_size_tablet=\u00bb18px\u00bb body_font_size_phone=\u00bb15px\u00bb body_font_size_last_edited=\u00bbon|phone\u00bb border_width_all=\u00bb0px\u00bb global_colors_info=\u00bb{}\u00bb]Proporciona cobertura frente a reclamaciones por pr\u00e1cticas laborales inadecuadas. Ya sea por acusaciones de acoso laboral o sexual, casos de despido considerados improcedentes o situaciones de discriminaci\u00f3n, esta cobertura brinda la tranquilidad y el respaldo financiero necesario para enfrentar estos desaf\u00edos legales.[\/et_pb_toggle][et_pb_toggle title=\u00bbGastos de publicidad\u00bb open_toggle_text_color=\u00bb#1E608E\u00bb open_toggle_background_color=\u00bbRGBA(255,255,255,0)\u00bb closed_toggle_background_color=\u00bbRGBA(255,255,255,0)\u00bb icon_color=\u00bb#1E608E\u00bb toggle_icon=\u00bb&#x4c;||divi||400&#8243; open_icon_color=\u00bb#1E608E\u00bb open_toggle_icon=\u00bb&#x4b;||divi||400&#8243; admin_label=\u00bbCostes de desescombro o demolici\u00f3n\u00bb module_class=\u00bblista\u00bb _builder_version=\u00bb4.27.2&#8243; _module_preset=\u00bbdefault\u00bb title_text_color=\u00bb#1E608E\u00bb title_font=\u00bb||||||||\u00bb closed_title_font=\u00bb||||||||\u00bb body_font=\u00bb||||||||\u00bb body_text_color=\u00bb#1E608E\u00bb custom_margin=\u00bb||0px||false|false\u00bb custom_padding=\u00bb||0px||false|false\u00bb hover_enabled=\u00bb0&#8243; title_font_size_tablet=\u00bb\u00bb title_font_size_phone=\u00bb\u00bb title_font_size_last_edited=\u00bbon|desktop\u00bb closed_title_font_size_tablet=\u00bb\u00bb closed_title_font_size_phone=\u00bb\u00bb closed_title_font_size_last_edited=\u00bbon|phone\u00bb body_font_size_tablet=\u00bb18px\u00bb body_font_size_phone=\u00bb15px\u00bb body_font_size_last_edited=\u00bbon|phone\u00bb border_width_all=\u00bb0px\u00bb global_colors_info=\u00bb{}\u00bb sticky_enabled=\u00bb0&#8243;]<\/p>\n<p class=\"p1\">Protege tu imagen y la de tu empresa tras una demanda. Cubre los costos asociados al dise\u00f1o y lanzamiento de campa\u00f1as publicitarias, con el apoyo de agencias l\u00edderes en marketing y comunicaciones, y garantiza la restauraci\u00f3n y el fortalecimiento de tu reputaci\u00f3n en momentos cr\u00edticos.<\/p>\n<p>[\/et_pb_toggle][et_pb_toggle title=\u00bbInfidelidad de empleados\u00bb open_toggle_text_color=\u00bb#1E608E\u00bb open_toggle_background_color=\u00bbRGBA(255,255,255,0)\u00bb closed_toggle_background_color=\u00bbRGBA(255,255,255,0)\u00bb icon_color=\u00bb#1E608E\u00bb toggle_icon=\u00bb&#x4c;||divi||400&#8243; open_icon_color=\u00bb#1E608E\u00bb open_toggle_icon=\u00bb&#x4b;||divi||400&#8243; admin_label=\u00bbCostes de desescombro o demolici\u00f3n\u00bb module_class=\u00bblista\u00bb _builder_version=\u00bb4.27.2&#8243; _module_preset=\u00bbdefault\u00bb title_text_color=\u00bb#1E608E\u00bb title_font=\u00bb||||||||\u00bb closed_title_font=\u00bb||||||||\u00bb body_font=\u00bb||||||||\u00bb body_text_color=\u00bb#1E608E\u00bb custom_margin=\u00bb||0px||false|false\u00bb custom_padding=\u00bb||0px||false|false\u00bb hover_enabled=\u00bb0&#8243; title_font_size_tablet=\u00bb\u00bb title_font_size_phone=\u00bb\u00bb title_font_size_last_edited=\u00bbon|desktop\u00bb closed_title_font_size_tablet=\u00bb\u00bb closed_title_font_size_phone=\u00bb\u00bb closed_title_font_size_last_edited=\u00bbon|phone\u00bb body_font_size_tablet=\u00bb18px\u00bb body_font_size_phone=\u00bb15px\u00bb body_font_size_last_edited=\u00bbon|phone\u00bb border_width_all=\u00bb0px\u00bb global_colors_info=\u00bb{}\u00bb sticky_enabled=\u00bb0&#8243;]<\/p>\n<p class=\"p1\">Respalda financieramente ante actos deshonestos de un empleado y garantiza la estabilidad de tu negocio ante irregularidades internas.<\/p>\n<p>[\/et_pb_toggle][et_pb_toggle title=\u00bbFianzas civiles o penales\u00bb open_toggle_text_color=\u00bb#1E608E\u00bb open_toggle_background_color=\u00bbRGBA(255,255,255,0)\u00bb closed_toggle_background_color=\u00bbRGBA(255,255,255,0)\u00bb icon_color=\u00bb#1E608E\u00bb toggle_icon=\u00bb&#x4c;||divi||400&#8243; open_icon_color=\u00bb#1E608E\u00bb open_toggle_icon=\u00bb&#x4b;||divi||400&#8243; admin_label=\u00bbCostes de desescombro o demolici\u00f3n\u00bb module_class=\u00bblista\u00bb _builder_version=\u00bb4.27.2&#8243; _module_preset=\u00bbdefault\u00bb title_text_color=\u00bb#1E608E\u00bb title_font=\u00bb||||||||\u00bb closed_title_font=\u00bb||||||||\u00bb body_font=\u00bb||||||||\u00bb body_text_color=\u00bb#1E608E\u00bb custom_margin=\u00bb||0px||false|false\u00bb custom_padding=\u00bb||0px||false|false\u00bb hover_enabled=\u00bb0&#8243; title_font_size_tablet=\u00bb\u00bb title_font_size_phone=\u00bb\u00bb title_font_size_last_edited=\u00bbon|desktop\u00bb closed_title_font_size_tablet=\u00bb\u00bb closed_title_font_size_phone=\u00bb\u00bb closed_title_font_size_last_edited=\u00bbon|phone\u00bb body_font_size_tablet=\u00bb18px\u00bb body_font_size_phone=\u00bb15px\u00bb body_font_size_last_edited=\u00bbon|phone\u00bb border_width_all=\u00bb0px\u00bb global_colors_info=\u00bb{}\u00bb sticky_enabled=\u00bb0&#8243;]<\/p>\n<p class=\"p1\">Abarca todas las fianzas, garant\u00edas o cauciones que puedan surgir en procedimientos tanto civiles como penales y asegura que tus responsabilidades financieras y la operatividad del negocio est\u00e9n cubiertas ante cualquier exigencia judicial.<\/p>\n<p>[\/et_pb_toggle][et_pb_toggle title=\u00bbContaminaci\u00f3n\u00bb open_toggle_text_color=\u00bb#1E608E\u00bb open_toggle_background_color=\u00bbRGBA(255,255,255,0)\u00bb closed_toggle_background_color=\u00bbRGBA(255,255,255,0)\u00bb icon_color=\u00bb#1E608E\u00bb toggle_icon=\u00bb&#x4c;||divi||400&#8243; open_icon_color=\u00bb#1E608E\u00bb open_toggle_icon=\u00bb&#x4b;||divi||400&#8243; admin_label=\u00bbCostes de desescombro o demolici\u00f3n\u00bb module_class=\u00bblista\u00bb _builder_version=\u00bb4.27.2&#8243; _module_preset=\u00bbdefault\u00bb title_text_color=\u00bb#1E608E\u00bb title_font=\u00bb||||||||\u00bb closed_title_font=\u00bb||||||||\u00bb body_font=\u00bb||||||||\u00bb body_text_color=\u00bb#1E608E\u00bb custom_margin=\u00bb||0px||false|false\u00bb custom_padding=\u00bb||0px||false|false\u00bb hover_enabled=\u00bb0&#8243; title_font_size_tablet=\u00bb\u00bb title_font_size_phone=\u00bb\u00bb title_font_size_last_edited=\u00bbon|desktop\u00bb closed_title_font_size_tablet=\u00bb\u00bb closed_title_font_size_phone=\u00bb\u00bb closed_title_font_size_last_edited=\u00bbon|phone\u00bb body_font_size_tablet=\u00bb18px\u00bb body_font_size_phone=\u00bb15px\u00bb body_font_size_last_edited=\u00bbon|phone\u00bb border_width_all=\u00bb0px\u00bb global_colors_info=\u00bb{}\u00bb sticky_enabled=\u00bb0&#8243;]<\/p>\n<p class=\"p1\">Protege ante reclamaciones por incidentes medioambientales ligados a la empresa. Cubre las responsabilidades legales y financieras que surjan de da\u00f1os ecol\u00f3gicos o impactos en la salud p\u00fablica y asegura una respuesta s\u00f3lida y eficaz en situaciones cr\u00edticas.<\/p>\n<p>[\/et_pb_toggle][et_pb_toggle title=\u00bbP\u00e9rdida de documentos\u00bb open_toggle_text_color=\u00bb#1E608E\u00bb open_toggle_background_color=\u00bbRGBA(255,255,255,0)\u00bb closed_toggle_background_color=\u00bbRGBA(255,255,255,0)\u00bb icon_color=\u00bb#1E608E\u00bb toggle_icon=\u00bb&#x4c;||divi||400&#8243; open_icon_color=\u00bb#1E608E\u00bb open_toggle_icon=\u00bb&#x4b;||divi||400&#8243; admin_label=\u00bbCostes de desescombro o demolici\u00f3n\u00bb module_class=\u00bblista\u00bb _builder_version=\u00bb4.27.2&#8243; _module_preset=\u00bbdefault\u00bb title_text_color=\u00bb#1E608E\u00bb title_font=\u00bb||||||||\u00bb closed_title_font=\u00bb||||||||\u00bb body_font=\u00bb||||||||\u00bb body_text_color=\u00bb#1E608E\u00bb custom_margin=\u00bb||0px||false|false\u00bb custom_padding=\u00bb||0px||false|false\u00bb hover_enabled=\u00bb0&#8243; title_font_size_tablet=\u00bb\u00bb title_font_size_phone=\u00bb\u00bb title_font_size_last_edited=\u00bbon|desktop\u00bb closed_title_font_size_tablet=\u00bb\u00bb closed_title_font_size_phone=\u00bb\u00bb closed_title_font_size_last_edited=\u00bbon|phone\u00bb body_font_size_tablet=\u00bb18px\u00bb body_font_size_phone=\u00bb15px\u00bb body_font_size_last_edited=\u00bbon|phone\u00bb border_width_all=\u00bb0px\u00bb global_colors_info=\u00bb{}\u00bb sticky_enabled=\u00bb0&#8243;]<\/p>\n<p class=\"p1\">Protege ante la eventualidad de extrav\u00edo, da\u00f1o o destrucci\u00f3n de documentos esenciales y asegura apoyo financiero y legal para la recuperaci\u00f3n y restauraci\u00f3n de la documentaci\u00f3n, por lo que minimiza los riesgos y garantiza la continuidad operativa de la empresa.<\/p>\n<p>[\/et_pb_toggle][\/et_pb_column][\/et_pb_row][et_pb_row _builder_version=\u00bb4.26.0&#8243; _module_preset=\u00bbdefault\u00bb global_colors_info=\u00bb{}\u00bb][et_pb_column type=\u00bb4_4&#8243; _builder_version=\u00bb4.26.0&#8243; _module_preset=\u00bbdefault\u00bb global_colors_info=\u00bb{}\u00bb][et_pb_text _builder_version=\u00bb4.26.0&#8243; _module_preset=\u00bbdefault\u00bb text_font_size=\u00bb10px\u00bb text_line_height=\u00bb1.3em\u00bb max_width=\u00bb380px\u00bb text_font_size_tablet=\u00bb10px\u00bb text_font_size_phone=\u00bb10px\u00bb text_font_size_last_edited=\u00bbon|phone\u00bb global_colors_info=\u00bb{}\u00bb]<\/p>\n<p>* Coberturas y servicios sujetos a los t\u00e9rminos y condiciones aplicables a tu seguro. Esta secci\u00f3n no tiene valor contractual.<\/p>\n<p>[\/et_pb_text][et_pb_button button_url=\u00bb#solicitar-presupuesto\u00bb button_text=\u00bb\u00a1Solicitar presupuesto!\u00bb button_alignment=\u00bbcenter\u00bb _builder_version=\u00bb4.27.0&#8243; _module_preset=\u00bbdefault\u00bb custom_margin=\u00bb||||false|false\u00bb locked=\u00bboff\u00bb global_colors_info=\u00bb{}\u00bb button_text_color__hover_enabled=\u00bbon|hover\u00bb button_text_color__hover=\u00bb#FFFFFF\u00bb button_bg_color__hover_enabled=\u00bbon|hover\u00bb button_bg_color__hover=\u00bb#00538e\u00bb button_bg_enable_color__hover=\u00bbon\u00bb custom_css_main_element__hover_enabled=\u00bboff|hover\u00bb][\/et_pb_button][\/et_pb_column][\/et_pb_row][\/et_pb_section]<\/p>\n","protected":false},"excerpt":{"rendered":"<p><nav aria-label=\"breadcrumbs\" class=\"rank-math-breadcrumb\"><p><a href=\"https:\/\/www.assap.ad\/es\/\">Inicio<\/a><span class=\"separator\"> &gt; <\/span><a href=\"https:\/\/www.assap.ad\/es\/\">Seguros Andorra<\/a><span class=\"separator\"> &gt; <\/span><span class=\"last\">Inicio<\/span><\/p><\/nav>D&amp;O (directivos y administradores)\u00bfEres directivo o administrador empresarial? \u00bfBuscas protegerte ante posibles da\u00f1os causados a terceros durante tus operaciones? En ASSAP hemos dise\u00f1ado un seguro espec\u00edfico para administradores y directivos que protege tu patrimonio personal ante posibles reclamaciones de acreedores, accionistas o empleados, por actos incorrectos en el ejercicio de tu cargo. Con esta cobertura [&hellip;]<\/p>\n","protected":false},"author":1,"featured_media":3985,"parent":6,"menu_order":7,"comment_status":"closed","ping_status":"closed","template":"","meta":{"_acf_changed":false,"_et_pb_use_builder":"on","_et_pb_old_content":"<!-- wp:cover {\"url\":\"https:\/\/www.assap.ad\/wp-content\/uploads\/2022\/03\/wide-neutra.jpg\",\"id\":15,\"dimRatio\":60,\"overlayColor\":\"primary\",\"minHeight\":500,\"align\":\"full\"} -->\n<div class=\"wp-block-cover alignfull\" style=\"min-height:500px\"><span aria-hidden=\"true\" class=\"wp-block-cover__background has-primary-background-color has-background-dim-60 has-background-dim\"><\/span><img class=\"wp-block-cover__image-background wp-image-15\" alt=\"\" src=\"https:\/\/www.assap.ad\/wp-content\/uploads\/2022\/03\/wide-neutra.jpg\" data-object-fit=\"cover\"\/><div class=\"wp-block-cover__inner-container\"><!-- wp:heading {\"textAlign\":\"center\",\"level\":1,\"align\":\"wide\",\"textColor\":\"background\",\"fontSize\":\"xx-large\"} -->\n<h1 class=\"alignwide has-text-align-center has-background-color has-text-color has-xx-large-font-size\">Escribe un t\u00edtulo para impresionar a tus visitantes<\/h1>\n<!-- \/wp:heading -->\n\n<!-- wp:buttons {\"layout\":{\"type\":\"flex\",\"justifyContent\":\"center\"}} -->\n<div class=\"wp-block-buttons\"><!-- wp:button {\"backgroundColor\":\"background\",\"textColor\":\"foreground\"} -->\n<div class=\"wp-block-button\"><a class=\"wp-block-button__link has-foreground-color has-background-background-color has-text-color has-background wp-element-button\">Saber m\u00e1s<\/a><\/div>\n<!-- \/wp:button --><\/div>\n<!-- \/wp:buttons --><\/div><\/div>\n<!-- \/wp:cover -->\n\n<!-- wp:paragraph {\"style\":{\"spacing\":{\"margin\":{\"top\":\"var:preset|spacing|60\",\"right\":\"var:preset|spacing|60\",\"bottom\":\"var:preset|spacing|60\",\"left\":\"var:preset|spacing|60\"},\"padding\":{\"top\":\"var:preset|spacing|30\",\"right\":\"var:preset|spacing|30\",\"bottom\":\"var:preset|spacing|30\",\"left\":\"var:preset|spacing|30\"}}}} -->\n<p style=\"margin-top:var(--wp--preset--spacing--60);margin-right:var(--wp--preset--spacing--60);margin-bottom:var(--wp--preset--spacing--60);margin-left:var(--wp--preset--spacing--60);padding-top:var(--wp--preset--spacing--30);padding-right:var(--wp--preset--spacing--30);padding-bottom:var(--wp--preset--spacing--30);padding-left:var(--wp--preset--spacing--30)\">En estas primeras l\u00edneas puedes contar qu\u00e9 es lo que te hace diferente ante los dem\u00e1s, esa frase o concepto por el que quieres que te recuerden.<\/p>\n<!-- \/wp:paragraph -->\n\n<!-- wp:spacer {\"height\":\"20px\"} -->\n<div style=\"height:20px\" aria-hidden=\"true\" class=\"wp-block-spacer\"><\/div>\n<!-- \/wp:spacer -->\n\n<!-- wp:spacer {\"height\":\"20px\"} -->\n<div style=\"height:20px\" aria-hidden=\"true\" class=\"wp-block-spacer\"><\/div>\n<!-- \/wp:spacer -->\n\n<!-- wp:heading {\"textAlign\":\"center\",\"style\":{\"spacing\":{\"margin\":{\"top\":\"var:preset|spacing|40\",\"right\":\"var:preset|spacing|40\",\"bottom\":\"var:preset|spacing|40\",\"left\":\"var:preset|spacing|40\"},\"padding\":{\"top\":\"var:preset|spacing|20\",\"right\":\"var:preset|spacing|20\",\"bottom\":\"var:preset|spacing|20\",\"left\":\"var:preset|spacing|20\"}}},\"fontSize\":\"x-large\"} -->\n<h2 class=\"has-text-align-center has-x-large-font-size\" style=\"margin-top:var(--wp--preset--spacing--40);margin-right:var(--wp--preset--spacing--40);margin-bottom:var(--wp--preset--spacing--40);margin-left:var(--wp--preset--spacing--40);padding-top:var(--wp--preset--spacing--20);padding-right:var(--wp--preset--spacing--20);padding-bottom:var(--wp--preset--spacing--20);padding-left:var(--wp--preset--spacing--20)\">Indica qu\u00e9 haces<\/h2>\n<!-- \/wp:heading -->\n\n<!-- wp:columns {\"align\":\"wide\",\"style\":{\"color\":{\"text\":\"#000000\",\"background\":\"#ffffff\"}},\"twStack\":\"md\"} -->\n<div class=\"wp-block-columns alignwide has-text-color has-background tw-cols-stack-md\" style=\"color:#000000;background-color:#ffffff\"><!-- wp:column -->\n<div class=\"wp-block-column\"><!-- wp:image {\"id\":11325,\"sizeSlug\":\"large\",\"linkDestination\":\"none\"} -->\n<figure class=\"wp-block-image size-large\"><img src=\"https:\/\/www.assap.ad\/wp-content\/plugins\/wp-optimizado\/admin\/assets\/image\/landscape-1024x666.jpg\" alt=\"\" class=\"wp-image-11325\"\/><\/figure>\n<!-- \/wp:image -->\n\n<!-- wp:heading {\"level\":3,\"style\":{\"typography\":{\"fontSize\":\"22px\",\"lineHeight\":\"1.3\",\"fontStyle\":\"normal\",\"fontWeight\":\"400\"}}} -->\n<h3 style=\"font-size:22px;font-style:normal;font-weight:400;line-height:1.3\"><strong>Primer bloque<\/strong><\/h3>\n<!-- \/wp:heading -->\n\n<!-- wp:paragraph -->\n<p>Puedes explicar de forma breve los productos que ofreces a tus clientes y sus modalidades.<\/p>\n<!-- \/wp:paragraph --><\/div>\n<!-- \/wp:column -->\n\n<!-- wp:column -->\n<div class=\"wp-block-column\"><!-- wp:image {\"id\":11325,\"sizeSlug\":\"large\",\"linkDestination\":\"none\"} -->\n<figure class=\"wp-block-image size-large\"><img src=\"https:\/\/www.assap.ad\/wp-content\/plugins\/wp-optimizado\/admin\/assets\/image\/landscape-1024x666.jpg\" alt=\"\" class=\"wp-image-11325\"\/><\/figure>\n<!-- \/wp:image -->\n\n<!-- wp:heading {\"level\":3,\"style\":{\"typography\":{\"fontSize\":\"22px\",\"lineHeight\":\"1.3\",\"fontStyle\":\"normal\",\"fontWeight\":\"400\"}}} -->\n<h3 style=\"font-size:22px;font-style:normal;font-weight:400;line-height:1.3\"><strong>Segundo bloque<\/strong><\/h3>\n<!-- \/wp:heading -->\n\n<!-- wp:paragraph -->\n<p>Aprovecha para contar otros servicios en los que eres un especialista. Utiliza frases cortas.<\/p>\n<!-- \/wp:paragraph --><\/div>\n<!-- \/wp:column -->\n\n<!-- wp:column -->\n<div class=\"wp-block-column\"><!-- wp:image {\"id\":11325,\"sizeSlug\":\"large\",\"linkDestination\":\"none\"} -->\n<figure class=\"wp-block-image size-large\"><img src=\"https:\/\/www.assap.ad\/wp-content\/plugins\/wp-optimizado\/admin\/assets\/image\/landscape-1024x666.jpg\" alt=\"\" class=\"wp-image-11325\"\/><\/figure>\n<!-- \/wp:image -->\n\n<!-- wp:heading {\"level\":3,\"style\":{\"typography\":{\"fontSize\":\"22px\",\"lineHeight\":\"1.3\",\"fontStyle\":\"normal\",\"fontWeight\":\"400\"}}} -->\n<h3 style=\"font-size:22px;font-style:normal;font-weight:400;line-height:1.3\"><strong>Tercer bloque<\/strong><\/h3>\n<!-- \/wp:heading -->\n\n<!-- wp:paragraph -->\n<p>Si ofreces un servicio diferencial, tienes que contarlo en esta primera p\u00e1gina para impactar.<\/p>\n<!-- \/wp:paragraph --><\/div>\n<!-- \/wp:column --><\/div>\n<!-- \/wp:columns -->\n\n<!-- wp:paragraph -->\n<p><\/p>\n<!-- \/wp:paragraph -->","_et_gb_content_width":"","inline_featured_image":false,"footnotes":""},"categoria-seguro":[27],"class_list":["post-4013","page","type-page","status-publish","has-post-thumbnail","hentry","categoria-seguro-empresas"],"acf":[],"_links":{"self":[{"href":"https:\/\/www.assap.ad\/es\/wp-json\/wp\/v2\/pages\/4013","targetHints":{"allow":["GET"]}}],"collection":[{"href":"https:\/\/www.assap.ad\/es\/wp-json\/wp\/v2\/pages"}],"about":[{"href":"https:\/\/www.assap.ad\/es\/wp-json\/wp\/v2\/types\/page"}],"author":[{"embeddable":true,"href":"https:\/\/www.assap.ad\/es\/wp-json\/wp\/v2\/users\/1"}],"replies":[{"embeddable":true,"href":"https:\/\/www.assap.ad\/es\/wp-json\/wp\/v2\/comments?post=4013"}],"version-history":[{"count":5,"href":"https:\/\/www.assap.ad\/es\/wp-json\/wp\/v2\/pages\/4013\/revisions"}],"predecessor-version":[{"id":7067,"href":"https:\/\/www.assap.ad\/es\/wp-json\/wp\/v2\/pages\/4013\/revisions\/7067"}],"up":[{"embeddable":true,"href":"https:\/\/www.assap.ad\/es\/wp-json\/wp\/v2\/pages\/6"}],"wp:featuredmedia":[{"embeddable":true,"href":"https:\/\/www.assap.ad\/es\/wp-json\/wp\/v2\/media\/3985"}],"wp:attachment":[{"href":"https:\/\/www.assap.ad\/es\/wp-json\/wp\/v2\/media?parent=4013"}],"wp:term":[{"taxonomy":"categoria-seguro","embeddable":true,"href":"https:\/\/www.assap.ad\/es\/wp-json\/wp\/v2\/categoria-seguro?post=4013"}],"curies":[{"name":"wp","href":"https:\/\/api.w.org\/{rel}","templated":true}]}}