{"id":4501,"date":"2024-08-09T11:55:11","date_gmt":"2024-08-09T09:55:11","guid":{"rendered":"https:\/\/www.assap.ad\/?page_id=4501"},"modified":"2025-08-21T12:24:33","modified_gmt":"2025-08-21T10:24:33","slug":"moto-terceros","status":"publish","type":"page","link":"https:\/\/www.assap.ad\/es\/seguros-andorra\/moto-terceros\/","title":{"rendered":"Moto a terceros"},"content":{"rendered":"<p>[et_pb_section fb_built=\u00bb1&#8243; admin_label=\u00bbResponsabilidad civil\u00bb _builder_version=\u00bb4.27.0&#8243; _module_preset=\u00bbdefault\u00bb background_color=\u00bb#F3F8FC\u00bb custom_padding=\u00bb0px||0px||true|\u00bb locked=\u00bboff\u00bb global_colors_info=\u00bb{}\u00bb][et_pb_row column_structure=\u00bb1_2,1_2&#8243; use_custom_gutter=\u00bbon\u00bb gutter_width=\u00bb1&#8243; make_equal=\u00bbon\u00bb _builder_version=\u00bb4.27.0&#8243; _module_preset=\u00bbdefault\u00bb background_enable_color=\u00bboff\u00bb width=\u00bb100%\u00bb width_tablet=\u00bb100%\u00bb width_phone=\u00bb100%\u00bb width_last_edited=\u00bboff|phone\u00bb max_width=\u00bb1301px\u00bb custom_padding=\u00bb0px||0px||true|false\u00bb global_colors_info=\u00bb{}\u00bb custom_css_main_element__hover_enabled=\u00bboff|desktop\u00bb custom_css_main_element_last_edited=\u00bbon|tablet\u00bb custom_css_main_element_tablet=\u00bbdisplay: flex;||flex-direction: column-reverse;\u00bb custom_css_main_element_phone=\u00bbdisplay: flex;||flex-direction: column-reverse;\u00bb][et_pb_column type=\u00bb1_2&#8243; _builder_version=\u00bb4.27.0&#8243; _module_preset=\u00bbdefault\u00bb custom_padding=\u00bb40px|5.5%|5.5%|5.5%|false|true\u00bb custom_padding_tablet=\u00bb30px|8%|9%|8%|false|true\u00bb custom_padding_phone=\u00bb30px|10%|15%|10%|false|true\u00bb custom_padding_last_edited=\u00bbon|phone\u00bb custom_css_main_element=\u00bbdisplay: flex;||flex-direction: column;||justify-content: space-between;||\u00bb global_colors_info=\u00bb{}\u00bb custom_css_main_element_last_edited=\u00bboff|desktop\u00bb custom_css_main_element_tablet=\u00bbdisplay: flex;||flex-direction: column;||justify-content: space-between;||\u00bb][et_pb_code module_class=\u00bbbreadcrumb\u00bb _builder_version=\u00bb4.27.0&#8243; _module_preset=\u00bbdefault\u00bb custom_margin=\u00bb||30px||false|false\u00bb locked=\u00bboff\u00bb global_colors_info=\u00bb{}\u00bb]<nav aria-label=\"breadcrumbs\" class=\"rank-math-breadcrumb\"><p><a href=\"https:\/\/www.assap.ad\/es\/\">Inicio<\/a><span class=\"separator\"> &gt; <\/span><a href=\"https:\/\/www.assap.ad\/es\/\">Seguros Andorra<\/a><span class=\"separator\"> &gt; <\/span><span class=\"last\">Inicio<\/span><\/p><\/nav>[\/et_pb_code][et_pb_text _builder_version=\u00bb4.27.0&#8243; _module_preset=\u00bbdefault\u00bb header_2_text_color=\u00bb#FFFFFF\u00bb animation_style=\u00bbslide\u00bb animation_direction=\u00bbtop\u00bb global_colors_info=\u00bb{}\u00bb]<\/p>\n<h1>El mejor seguro para tu moto<\/h1>\n<p>[\/et_pb_text][et_pb_text _builder_version=\u00bb4.27.2&#8243; _module_preset=\u00bbdefault\u00bb custom_margin=\u00bb35px||40px||false|false\u00bb custom_margin_tablet=\u00bb30px||35px||false|false\u00bb custom_margin_phone=\u00bb20px||25px||false|false\u00bb custom_margin_last_edited=\u00bbon|desktop\u00bb hover_enabled=\u00bb0&#8243; text_line_height_last_edited=\u00bboff|phone\u00bb locked=\u00bboff\u00bb global_colors_info=\u00bb{}\u00bb sticky_enabled=\u00bb0&#8243;]<\/p>\n<p class=\"p1\">\u00bfTe apasionan las motos y sentir la libertad al aire libre? En ASSAP, entendemos tu pasi\u00f3n y te ofrecemos el seguro de moto a terceros perfecto para ti.\u00a0<\/p>\n<p>Nuestro seguro de moto a terceros cumple con los requisitos legales y se adapta a una amplia variedad de motos, desde las urbanas hasta las cl\u00e1sicas, de trial, quads y motos de nieve. Con nuestra cobertura, puedes disfrutar de tu pasi\u00f3n sobre dos ruedas con total tranquilidad, sabiendo que estamos aqu\u00ed para protegerte en cada viaje y aventura que emprendas.<\/p>\n<p>[\/et_pb_text][et_pb_button button_url=\u00bb#solicitar-presupuesto\u00bb button_text=\u00bb\u00a1Solicitar presupuesto!\u00bb _builder_version=\u00bb4.27.0&#8243; _module_preset=\u00bbdefault\u00bb custom_margin=\u00bb||||false|false\u00bb custom_css_free_form=\u00bbselector.et_pb_button:hover {background-color: #00538e!important;}\u00bb locked=\u00bboff\u00bb global_colors_info=\u00bb{}\u00bb button_text_color__hover_enabled=\u00bbon|hover\u00bb button_text_color__hover=\u00bb#FFFFFF\u00bb button_bg_color__hover_enabled=\u00bbon|hover\u00bb button_bg_color__hover=\u00bb#00538e\u00bb button_bg_enable_color__hover=\u00bbon\u00bb custom_css_main_element__hover_enabled=\u00bboff|hover\u00bb][\/et_pb_button][\/et_pb_column][et_pb_column type=\u00bb1_2&#8243; _builder_version=\u00bb4.27.0&#8243; _dynamic_attributes=\u00bbbackground_image\u00bb _module_preset=\u00bbdefault\u00bb background_image=\u00bb@ET-DC@eyJkeW5hbWljIjp0cnVlLCJjb250ZW50IjoicG9zdF9mZWF0dXJlZF9pbWFnZSIsInNldHRpbmdzIjp7fX0=@\u00bb global_colors_info=\u00bb{}\u00bb custom_css_main_element_last_edited=\u00bbon|phone\u00bb custom_css_main_element_tablet=\u00bbmin-height: 400px!important;||display: block!important;\u00bb custom_css_main_element_phone=\u00bbmin-height: 396px!important;||display: block!important;\u00bb][\/et_pb_column][\/et_pb_row][\/et_pb_section][et_pb_section fb_built=\u00bb1&#8243; admin_label=\u00bb\u00bfEn qu\u00e9 consiste el seguro?\u00bb _builder_version=\u00bb4.25.2&#8243; _module_preset=\u00bbdefault\u00bb custom_padding=\u00bb||||false|false\u00bb global_colors_info=\u00bb{}\u00bb][et_pb_row _builder_version=\u00bb4.27.0&#8243; _module_preset=\u00bbdefault\u00bb width_tablet=\u00bb84.05%\u00bb width_phone=\u00bb80.05%\u00bb width_last_edited=\u00bbon|tablet\u00bb global_colors_info=\u00bb{}\u00bb][et_pb_column type=\u00bb4_4&#8243; admin_label=\u00bbColumna\u00bb _builder_version=\u00bb4.25.2&#8243; _module_preset=\u00bbdefault\u00bb global_colors_info=\u00bb{}\u00bb][et_pb_text admin_label=\u00bbh2&#8243; _builder_version=\u00bb4.27.0&#8243; _module_preset=\u00bbdefault\u00bb header_2_text_align=\u00bbcenter\u00bb max_width=\u00bb430px\u00bb module_alignment=\u00bbcenter\u00bb animation_style=\u00bbslide\u00bb animation_direction=\u00bbtop\u00bb header_2_text_align_tablet=\u00bbleft\u00bb header_2_text_align_phone=\u00bbleft\u00bb header_2_text_align_last_edited=\u00bbon|tablet\u00bb module_alignment_tablet=\u00bbleft\u00bb module_alignment_phone=\u00bbleft\u00bb module_alignment_last_edited=\u00bbon|tablet\u00bb global_colors_info=\u00bb{}\u00bb]<\/p>\n<h2>\u00bfEn qu\u00e9 consiste el seguro de moto a terceros?<\/h2>\n<p>[\/et_pb_text][\/et_pb_column][\/et_pb_row][et_pb_row _builder_version=\u00bb4.27.0&#8243; _module_preset=\u00bbdefault\u00bb width_tablet=\u00bb84.05%\u00bb width_phone=\u00bb80.05%\u00bb custom_padding=\u00bb0px|||||\u00bb global_colors_info=\u00bb{}\u00bb][et_pb_column type=\u00bb4_4&#8243; _builder_version=\u00bb4.25.2&#8243; _module_preset=\u00bbdefault\u00bb global_colors_info=\u00bb{}\u00bb][et_pb_text admin_label=\u00bbTexto\u00bb _builder_version=\u00bb4.27.2&#8243; _module_preset=\u00bbdefault\u00bb text_orientation=\u00bbcenter\u00bb max_width=\u00bb910px\u00bb max_width_tablet=\u00bb100%\u00bb max_width_phone=\u00bb100%\u00bb max_width_last_edited=\u00bbon|tablet\u00bb module_alignment=\u00bbcenter\u00bb hover_enabled=\u00bb0&#8243; text_orientation_tablet=\u00bbleft\u00bb text_orientation_phone=\u00bbleft\u00bb text_orientation_last_edited=\u00bbon|phone\u00bb module_alignment_tablet=\u00bbleft\u00bb module_alignment_phone=\u00bbleft\u00bb module_alignment_last_edited=\u00bbon|tablet\u00bb global_colors_info=\u00bb{}\u00bb sticky_enabled=\u00bb0&#8243;]<\/p>\n<p class=\"p1\">El seguro de moto a terceros de ASSAP ofrece una cobertura esencial de responsabilidad civil. Adem\u00e1s, brinda la opci\u00f3n de ampliar la p\u00f3liza con coberturas adicionales como protecci\u00f3n contra robo e incendio, y proporciona una protecci\u00f3n m\u00e1s completa para tu moto en diversas situaciones.<\/p>\n<p>[\/et_pb_text][\/et_pb_column][\/et_pb_row][\/et_pb_section][et_pb_section fb_built=\u00bb1&#8243; admin_label=\u00bb\u00bfQu\u00e9 cubre?\u00bb _builder_version=\u00bb4.25.2&#8243; _module_preset=\u00bbdefault\u00bb background_color=\u00bb#F3F8FC\u00bb global_colors_info=\u00bb{}\u00bb][et_pb_row _builder_version=\u00bb4.27.0&#8243; _module_preset=\u00bbdefault\u00bb global_colors_info=\u00bb{}\u00bb][et_pb_column type=\u00bb4_4&#8243; admin_label=\u00bbColumna\u00bb _builder_version=\u00bb4.25.2&#8243; _module_preset=\u00bbdefault\u00bb global_colors_info=\u00bb{}\u00bb][et_pb_text admin_label=\u00bbh2&#8243; _builder_version=\u00bb4.27.2&#8243; _module_preset=\u00bbdefault\u00bb header_2_font=\u00bb||||||||\u00bb header_2_text_align=\u00bbcenter\u00bb max_width=\u00bb430px\u00bb max_width_tablet=\u00bb350px\u00bb max_width_phone=\u00bb350px\u00bb max_width_last_edited=\u00bbon|phone\u00bb module_alignment=\u00bbcenter\u00bb animation_style=\u00bbslide\u00bb animation_direction=\u00bbtop\u00bb hover_enabled=\u00bb0&#8243; locked=\u00bboff\u00bb global_colors_info=\u00bb{}\u00bb sticky_enabled=\u00bb0&#8243;]<\/p>\n<h2>\u00bfQu\u00e9 cubre Moto a terceros?<\/h2>\n<p>[\/et_pb_text][\/et_pb_column][\/et_pb_row][et_pb_row column_structure=\u00bb1_2,1_2&#8243; _builder_version=\u00bb4.27.0&#8243; _module_preset=\u00bbdefault\u00bb width_phone=\u00bb85%\u00bb custom_padding=\u00bb||||false|false\u00bb global_colors_info=\u00bb{}\u00bb][et_pb_column type=\u00bb1_2&#8243; _builder_version=\u00bb4.25.2&#8243; _module_preset=\u00bbdefault\u00bb global_colors_info=\u00bb{}\u00bb][et_pb_text admin_label=\u00bbh3&#8243; _builder_version=\u00bb4.26.0&#8243; _module_preset=\u00bbdefault\u00bb text_font=\u00bb||||||||\u00bb header_3_text_align=\u00bbcenter\u00bb text_orientation=\u00bbcenter\u00bb min_height=\u00bb90px\u00bb min_height_tablet=\u00bb\u00bb min_height_phone=\u00bb\u00bb min_height_last_edited=\u00bbon|phone\u00bb custom_margin=\u00bb||||false|false\u00bb custom_padding=\u00bb||||false|false\u00bb header_2_font_size_tablet=\u00bb\u00bb header_2_font_size_phone=\u00bb\u00bb header_2_font_size_last_edited=\u00bbon|phone\u00bb header_4_font_size_tablet=\u00bb\u00bb header_4_font_size_phone=\u00bb\u00bb header_4_font_size_last_edited=\u00bbon|desktop\u00bb global_colors_info=\u00bb{}\u00bb]<\/p>\n<h3>Coberturas incluidas<\/h3>\n<p>Con y sin franquicia *<\/p>\n<p>[\/et_pb_text][et_pb_toggle title=\u00bbDefensa jur\u00eddica y reclamaci\u00f3n\u00bb open_toggle_text_color=\u00bb#1E608E\u00bb open_toggle_background_color=\u00bbRGBA(255,255,255,0)\u00bb closed_toggle_background_color=\u00bbRGBA(255,255,255,0)\u00bb icon_color=\u00bb#1E608E\u00bb toggle_icon=\u00bb&#x4c;||divi||400&#8243; open_icon_color=\u00bb#1E608E\u00bb open_toggle_icon=\u00bb&#x4b;||divi||400&#8243; admin_label=\u00bbResponsabilidad civil de exportaci\u00f3n\u00bb module_class=\u00bblista\u00bb _builder_version=\u00bb4.27.0&#8243; _module_preset=\u00bbdefault\u00bb title_text_color=\u00bb#1E608E\u00bb title_font=\u00bb||||||||\u00bb closed_title_font=\u00bb||||||||\u00bb body_font=\u00bb||||||||\u00bb body_text_color=\u00bb#1E608E\u00bb custom_margin=\u00bb||0px||false|false\u00bb custom_padding=\u00bb||0px||false|false\u00bb title_font_size_tablet=\u00bb\u00bb title_font_size_phone=\u00bb\u00bb title_font_size_last_edited=\u00bbon|desktop\u00bb closed_title_font_size_tablet=\u00bb\u00bb closed_title_font_size_phone=\u00bb\u00bb closed_title_font_size_last_edited=\u00bbon|phone\u00bb body_font_size_tablet=\u00bb18px\u00bb body_font_size_phone=\u00bb15px\u00bb body_font_size_last_edited=\u00bbon|phone\u00bb border_width_all=\u00bb0px\u00bb global_colors_info=\u00bb{}\u00bb]Esta cobertura proporciona una amplia asistencia legal. Incluye defensa en procesos penales relacionados con tu moto, reclamaci\u00f3n de da\u00f1os a terceros, libertad para elegir abogado.[\/et_pb_toggle][et_pb_toggle title=\u00bbSeguro ocupantes \u00bb open_toggle_text_color=\u00bb#1E608E\u00bb open_toggle_background_color=\u00bbRGBA(255,255,255,0)\u00bb closed_toggle_background_color=\u00bbRGBA(255,255,255,0)\u00bb icon_color=\u00bb#1E608E\u00bb toggle_icon=\u00bb&#x4c;||divi||400&#8243; open_icon_color=\u00bb#1E608E\u00bb open_toggle_icon=\u00bb&#x4b;||divi||400&#8243; admin_label=\u00bbResponsabilidad civil de exportaci\u00f3n\u00bb module_class=\u00bblista\u00bb _builder_version=\u00bb4.27.0&#8243; _module_preset=\u00bbdefault\u00bb title_text_color=\u00bb#1E608E\u00bb title_font=\u00bb||||||||\u00bb closed_title_font=\u00bb||||||||\u00bb body_font=\u00bb||||||||\u00bb body_text_color=\u00bb#1E608E\u00bb custom_margin=\u00bb||0px||false|false\u00bb custom_padding=\u00bb||0px||false|false\u00bb title_font_size_tablet=\u00bb\u00bb title_font_size_phone=\u00bb\u00bb title_font_size_last_edited=\u00bbon|desktop\u00bb closed_title_font_size_tablet=\u00bb\u00bb closed_title_font_size_phone=\u00bb\u00bb closed_title_font_size_last_edited=\u00bbon|phone\u00bb body_font_size_tablet=\u00bb18px\u00bb body_font_size_phone=\u00bb15px\u00bb body_font_size_last_edited=\u00bbon|phone\u00bb border_width_all=\u00bb0px\u00bb global_colors_info=\u00bb{}\u00bb]Esta cobertura garantiza protecci\u00f3n integral a los ocupantes de la moto en caso de un accidente. Incluye indemnizaci\u00f3n en situaciones de fallecimiento o invalidez de los pasajeros, as\u00ed como el reembolso de gastos m\u00e9dicos derivados del incidente.[\/et_pb_toggle][et_pb_toggle title=\u00bbLibre elecci\u00f3n del taller \u00bb open_toggle_text_color=\u00bb#1E608E\u00bb open_toggle_background_color=\u00bbRGBA(255,255,255,0)\u00bb closed_toggle_background_color=\u00bbRGBA(255,255,255,0)\u00bb icon_color=\u00bb#1E608E\u00bb toggle_icon=\u00bb&#x4c;||divi||400&#8243; open_icon_color=\u00bb#1E608E\u00bb open_toggle_icon=\u00bb&#x4b;||divi||400&#8243; admin_label=\u00bbResponsabilidad civil de exportaci\u00f3n\u00bb module_class=\u00bblista\u00bb _builder_version=\u00bb4.27.2&#8243; _module_preset=\u00bbdefault\u00bb title_text_color=\u00bb#1E608E\u00bb title_font=\u00bb||||||||\u00bb closed_title_font=\u00bb||||||||\u00bb body_font=\u00bb||||||||\u00bb body_text_color=\u00bb#1E608E\u00bb custom_margin=\u00bb||0px||false|false\u00bb custom_padding=\u00bb||0px||false|false\u00bb hover_enabled=\u00bb0&#8243; title_font_size_tablet=\u00bb\u00bb title_font_size_phone=\u00bb\u00bb title_font_size_last_edited=\u00bbon|desktop\u00bb closed_title_font_size_tablet=\u00bb\u00bb closed_title_font_size_phone=\u00bb\u00bb closed_title_font_size_last_edited=\u00bbon|phone\u00bb body_font_size_tablet=\u00bb18px\u00bb body_font_size_phone=\u00bb15px\u00bb body_font_size_last_edited=\u00bbon|phone\u00bb border_width_all=\u00bb0px\u00bb global_colors_info=\u00bb{}\u00bb sticky_enabled=\u00bb0&#8243;]<\/p>\n<p class=\"p1\">Esta cobertura te ofrece la libertad de elegir tu taller preferido para las reparaciones de tu moto, sin restricciones a una red espec\u00edfica, y asegura servicio y atenci\u00f3n de calidad seg\u00fan tus preferencias.<\/p>\n<p>[\/et_pb_toggle][et_pb_toggle title=\u00bbAccidentes del conductor \u00bb open_toggle_text_color=\u00bb#1E608E\u00bb open_toggle_background_color=\u00bbRGBA(255,255,255,0)\u00bb closed_toggle_background_color=\u00bbRGBA(255,255,255,0)\u00bb icon_color=\u00bb#1E608E\u00bb toggle_icon=\u00bb&#x4c;||divi||400&#8243; open_icon_color=\u00bb#1E608E\u00bb open_toggle_icon=\u00bb&#x4b;||divi||400&#8243; admin_label=\u00bbResponsabilidad civil de exportaci\u00f3n\u00bb module_class=\u00bblista\u00bb _builder_version=\u00bb4.27.2&#8243; _module_preset=\u00bbdefault\u00bb title_text_color=\u00bb#1E608E\u00bb title_font=\u00bb||||||||\u00bb closed_title_font=\u00bb||||||||\u00bb body_font=\u00bb||||||||\u00bb body_text_color=\u00bb#1E608E\u00bb custom_margin=\u00bb||0px||false|false\u00bb custom_padding=\u00bb||0px||false|false\u00bb hover_enabled=\u00bb0&#8243; title_font_size_tablet=\u00bb\u00bb title_font_size_phone=\u00bb\u00bb title_font_size_last_edited=\u00bbon|desktop\u00bb closed_title_font_size_tablet=\u00bb\u00bb closed_title_font_size_phone=\u00bb\u00bb closed_title_font_size_last_edited=\u00bbon|phone\u00bb body_font_size_tablet=\u00bb18px\u00bb body_font_size_phone=\u00bb15px\u00bb body_font_size_last_edited=\u00bbon|phone\u00bb border_width_all=\u00bb0px\u00bb global_colors_info=\u00bb{}\u00bb sticky_enabled=\u00bb0&#8243;]<\/p>\n<p class=\"p1\">Esta cobertura protege al conductor de la moto en caso de lesiones por un accidente y cubre fallecimiento, invalidez y gastos m\u00e9dicos y farmac\u00e9uticos.<\/p>\n<p>[\/et_pb_toggle][et_pb_toggle title=\u00bbResponsabilidad civil \u00bb open_toggle_text_color=\u00bb#1E608E\u00bb open_toggle_background_color=\u00bbRGBA(255,255,255,0)\u00bb closed_toggle_background_color=\u00bbRGBA(255,255,255,0)\u00bb icon_color=\u00bb#1E608E\u00bb toggle_icon=\u00bb&#x4c;||divi||400&#8243; open_icon_color=\u00bb#1E608E\u00bb open_toggle_icon=\u00bb&#x4b;||divi||400&#8243; admin_label=\u00bbResponsabilidad civil de exportaci\u00f3n\u00bb module_class=\u00bblista\u00bb _builder_version=\u00bb4.27.2&#8243; _module_preset=\u00bbdefault\u00bb title_text_color=\u00bb#1E608E\u00bb title_font=\u00bb||||||||\u00bb closed_title_font=\u00bb||||||||\u00bb body_font=\u00bb||||||||\u00bb body_text_color=\u00bb#1E608E\u00bb custom_margin=\u00bb||0px||false|false\u00bb custom_padding=\u00bb||0px||false|false\u00bb hover_enabled=\u00bb0&#8243; title_font_size_tablet=\u00bb\u00bb title_font_size_phone=\u00bb\u00bb title_font_size_last_edited=\u00bbon|desktop\u00bb closed_title_font_size_tablet=\u00bb\u00bb closed_title_font_size_phone=\u00bb\u00bb closed_title_font_size_last_edited=\u00bbon|phone\u00bb body_font_size_tablet=\u00bb18px\u00bb body_font_size_phone=\u00bb15px\u00bb body_font_size_last_edited=\u00bbon|phone\u00bb border_width_all=\u00bb0px\u00bb global_colors_info=\u00bb{}\u00bb sticky_enabled=\u00bb0&#8243;]<\/p>\n<p class=\"p1\">Esta cobertura resulta fundamental para protegerte de responsabilidades en caso de que causes da\u00f1os a terceros en un accidente de tr\u00e1fico. Se hace cargo de los costes asociados con da\u00f1os materiales o lesiones infligidas a otras personas o sus bienes por tu moto y asegura una respuesta efectiva y responsable ante tales situaciones.<\/p>\n<p>[\/et_pb_toggle][\/et_pb_column][et_pb_column type=\u00bb1_2&#8243; _builder_version=\u00bb4.26.0&#8243; _module_preset=\u00bbdefault\u00bb custom_padding_tablet=\u00bb60px||||false|false\u00bb custom_padding_phone=\u00bb50px||||false|false\u00bb custom_padding_last_edited=\u00bbon|phone\u00bb global_colors_info=\u00bb{}\u00bb][et_pb_text admin_label=\u00bbh3&#8243; _builder_version=\u00bb4.26.0&#8243; _module_preset=\u00bbdefault\u00bb text_font=\u00bb||||||||\u00bb header_3_text_align=\u00bbcenter\u00bb min_height=\u00bb90px\u00bb min_height_tablet=\u00bb\u00bb min_height_phone=\u00bb\u00bb min_height_last_edited=\u00bbon|tablet\u00bb custom_margin=\u00bb||||false|false\u00bb custom_padding=\u00bb||||false|false\u00bb header_2_font_size_tablet=\u00bb\u00bb header_2_font_size_phone=\u00bb\u00bb header_2_font_size_last_edited=\u00bbon|phone\u00bb header_4_font_size_tablet=\u00bb\u00bb header_4_font_size_phone=\u00bb\u00bb header_4_font_size_last_edited=\u00bbon|desktop\u00bb global_colors_info=\u00bb{}\u00bb]<\/p>\n<h3>Coberturas adicionales<\/h3>\n<p>[\/et_pb_text][et_pb_toggle title=\u00bbAnimales cineg\u00e9ticos \u00bb open_toggle_text_color=\u00bb#1E608E\u00bb open_toggle_background_color=\u00bbRGBA(255,255,255,0)\u00bb closed_toggle_background_color=\u00bbRGBA(255,255,255,0)\u00bb icon_color=\u00bb#1E608E\u00bb toggle_icon=\u00bb&#x4c;||divi||400&#8243; open_icon_color=\u00bb#1E608E\u00bb open_toggle_icon=\u00bb&#x4b;||divi||400&#8243; admin_label=\u00bbResponsabilidad civil de exportaci\u00f3n\u00bb module_class=\u00bblista\u00bb _builder_version=\u00bb4.27.2&#8243; _module_preset=\u00bbdefault\u00bb title_text_color=\u00bb#1E608E\u00bb title_font=\u00bb||||||||\u00bb closed_title_font=\u00bb||||||||\u00bb body_font=\u00bb||||||||\u00bb body_text_color=\u00bb#1E608E\u00bb custom_margin=\u00bb||0px||false|false\u00bb custom_padding=\u00bb||0px||false|false\u00bb hover_enabled=\u00bb0&#8243; title_font_size_tablet=\u00bb\u00bb title_font_size_phone=\u00bb\u00bb title_font_size_last_edited=\u00bbon|desktop\u00bb closed_title_font_size_tablet=\u00bb\u00bb closed_title_font_size_phone=\u00bb\u00bb closed_title_font_size_last_edited=\u00bbon|phone\u00bb body_font_size_tablet=\u00bb18px\u00bb body_font_size_phone=\u00bb15px\u00bb body_font_size_last_edited=\u00bbon|phone\u00bb border_width_all=\u00bb0px\u00bb global_colors_info=\u00bb{}\u00bb sticky_enabled=\u00bb0&#8243;]<\/p>\n<p class=\"p1\">Esta cobertura cubre los da\u00f1os a tu motocicleta tras colisionar con animales de caza. Por ejemplo, si un ciervo o un jabal\u00ed se cruzan inesperadamente en tu camino y causan un accidente, esta cobertura se encargar\u00eda de los costes de reparaci\u00f3n de la moto. Incluye abolladuras, lunas rotas y otros da\u00f1os en la carrocer\u00eda.<\/p>\n<p>[\/et_pb_toggle][et_pb_toggle title=\u00bbAsistencia en viaje \u00bb open_toggle_text_color=\u00bb#1E608E\u00bb open_toggle_background_color=\u00bbRGBA(255,255,255,0)\u00bb closed_toggle_background_color=\u00bbRGBA(255,255,255,0)\u00bb icon_color=\u00bb#1E608E\u00bb toggle_icon=\u00bb&#x4c;||divi||400&#8243; open_icon_color=\u00bb#1E608E\u00bb open_toggle_icon=\u00bb&#x4b;||divi||400&#8243; admin_label=\u00bbResponsabilidad civil de exportaci\u00f3n\u00bb module_class=\u00bblista\u00bb _builder_version=\u00bb4.27.0&#8243; _module_preset=\u00bbdefault\u00bb title_text_color=\u00bb#1E608E\u00bb title_font=\u00bb||||||||\u00bb closed_title_font=\u00bb||||||||\u00bb body_font=\u00bb||||||||\u00bb body_text_color=\u00bb#1E608E\u00bb custom_margin=\u00bb||0px||false|false\u00bb custom_padding=\u00bb||0px||false|false\u00bb title_font_size_tablet=\u00bb\u00bb title_font_size_phone=\u00bb\u00bb title_font_size_last_edited=\u00bbon|desktop\u00bb closed_title_font_size_tablet=\u00bb\u00bb closed_title_font_size_phone=\u00bb\u00bb closed_title_font_size_last_edited=\u00bbon|phone\u00bb body_font_size_tablet=\u00bb18px\u00bb body_font_size_phone=\u00bb15px\u00bb body_font_size_last_edited=\u00bbon|phone\u00bb border_width_all=\u00bb0px\u00bb global_colors_info=\u00bb{}\u00bb]Esta cobertura te asiste en aver\u00edas, accidentes o situaciones que afecten a tu veh\u00edculo en ruta. Incluye remolque al taller m\u00e1s cercano o el traslado del conductor si es necesario.[\/et_pb_toggle][\/et_pb_column][\/et_pb_row][et_pb_row _builder_version=\u00bb4.26.0&#8243; _module_preset=\u00bbdefault\u00bb global_colors_info=\u00bb{}\u00bb][et_pb_column type=\u00bb4_4&#8243; _builder_version=\u00bb4.26.0&#8243; _module_preset=\u00bbdefault\u00bb global_colors_info=\u00bb{}\u00bb][et_pb_text _builder_version=\u00bb4.26.0&#8243; _module_preset=\u00bbdefault\u00bb text_font_size=\u00bb10px\u00bb text_line_height=\u00bb1.3em\u00bb max_width=\u00bb380px\u00bb text_font_size_tablet=\u00bb10px\u00bb text_font_size_phone=\u00bb10px\u00bb text_font_size_last_edited=\u00bbon|phone\u00bb global_colors_info=\u00bb{}\u00bb]<\/p>\n<p>* Coberturas y servicios sujetos a los t\u00e9rminos y condiciones aplicables a tu seguro. Esta secci\u00f3n no tiene valor contractual.<\/p>\n<p>[\/et_pb_text][et_pb_button button_url=\u00bb#solicitar-presupuesto\u00bb button_text=\u00bb\u00a1Solicitar presupuesto!\u00bb button_alignment=\u00bbcenter\u00bb _builder_version=\u00bb4.27.0&#8243; _module_preset=\u00bbdefault\u00bb custom_margin=\u00bb||||false|false\u00bb locked=\u00bboff\u00bb global_colors_info=\u00bb{}\u00bb button_text_color__hover_enabled=\u00bbon|hover\u00bb button_text_color__hover=\u00bb#FFFFFF\u00bb button_bg_color__hover_enabled=\u00bbon|hover\u00bb button_bg_color__hover=\u00bb#00538e\u00bb button_bg_enable_color__hover=\u00bbon\u00bb custom_css_main_element__hover_enabled=\u00bboff|hover\u00bb][\/et_pb_button][\/et_pb_column][\/et_pb_row][\/et_pb_section]<\/p>\n","protected":false},"excerpt":{"rendered":"<p><nav aria-label=\"breadcrumbs\" class=\"rank-math-breadcrumb\"><p><a href=\"https:\/\/www.assap.ad\/es\/\">Inicio<\/a><span class=\"separator\"> &gt; <\/span><a href=\"https:\/\/www.assap.ad\/es\/\">Seguros Andorra<\/a><span class=\"separator\"> &gt; <\/span><span class=\"last\">Inicio<\/span><\/p><\/nav>El mejor seguro para tu moto\u00bfTe apasionan las motos y sentir la libertad al aire libre? En ASSAP, entendemos tu pasi\u00f3n y te ofrecemos el seguro de moto a terceros perfecto para ti.\u00a0 Nuestro seguro de moto a terceros cumple con los requisitos legales y se adapta a una amplia variedad de motos, desde las [&hellip;]<\/p>\n","protected":false},"author":1,"featured_media":4153,"parent":6,"menu_order":18,"comment_status":"closed","ping_status":"closed","template":"","meta":{"_acf_changed":false,"_et_pb_use_builder":"on","_et_pb_old_content":"<!-- wp:cover {\"url\":\"https:\/\/www.assap.ad\/wp-content\/uploads\/2022\/03\/wide-neutra.jpg\",\"id\":15,\"dimRatio\":60,\"overlayColor\":\"primary\",\"minHeight\":500,\"align\":\"full\"} -->\n<div class=\"wp-block-cover alignfull\" style=\"min-height:500px\"><span aria-hidden=\"true\" class=\"wp-block-cover__background has-primary-background-color has-background-dim-60 has-background-dim\"><\/span><img class=\"wp-block-cover__image-background wp-image-15\" alt=\"\" src=\"https:\/\/www.assap.ad\/wp-content\/uploads\/2022\/03\/wide-neutra.jpg\" data-object-fit=\"cover\"\/><div class=\"wp-block-cover__inner-container\"><!-- wp:heading {\"textAlign\":\"center\",\"level\":1,\"align\":\"wide\",\"textColor\":\"background\",\"fontSize\":\"xx-large\"} -->\n<h1 class=\"alignwide has-text-align-center has-background-color has-text-color has-xx-large-font-size\">Escribe un t\u00edtulo para impresionar a tus visitantes<\/h1>\n<!-- \/wp:heading -->\n\n<!-- wp:buttons {\"layout\":{\"type\":\"flex\",\"justifyContent\":\"center\"}} -->\n<div class=\"wp-block-buttons\"><!-- wp:button {\"backgroundColor\":\"background\",\"textColor\":\"foreground\"} -->\n<div class=\"wp-block-button\"><a class=\"wp-block-button__link has-foreground-color has-background-background-color has-text-color has-background wp-element-button\">Saber m\u00e1s<\/a><\/div>\n<!-- \/wp:button --><\/div>\n<!-- \/wp:buttons --><\/div><\/div>\n<!-- \/wp:cover -->\n\n<!-- wp:paragraph {\"style\":{\"spacing\":{\"margin\":{\"top\":\"var:preset|spacing|60\",\"right\":\"var:preset|spacing|60\",\"bottom\":\"var:preset|spacing|60\",\"left\":\"var:preset|spacing|60\"},\"padding\":{\"top\":\"var:preset|spacing|30\",\"right\":\"var:preset|spacing|30\",\"bottom\":\"var:preset|spacing|30\",\"left\":\"var:preset|spacing|30\"}}}} -->\n<p style=\"margin-top:var(--wp--preset--spacing--60);margin-right:var(--wp--preset--spacing--60);margin-bottom:var(--wp--preset--spacing--60);margin-left:var(--wp--preset--spacing--60);padding-top:var(--wp--preset--spacing--30);padding-right:var(--wp--preset--spacing--30);padding-bottom:var(--wp--preset--spacing--30);padding-left:var(--wp--preset--spacing--30)\">En estas primeras l\u00edneas puedes contar qu\u00e9 es lo que te hace diferente ante los dem\u00e1s, esa frase o concepto por el que quieres que te recuerden.<\/p>\n<!-- \/wp:paragraph -->\n\n<!-- wp:spacer {\"height\":\"20px\"} -->\n<div style=\"height:20px\" aria-hidden=\"true\" class=\"wp-block-spacer\"><\/div>\n<!-- \/wp:spacer -->\n\n<!-- wp:spacer {\"height\":\"20px\"} -->\n<div style=\"height:20px\" aria-hidden=\"true\" class=\"wp-block-spacer\"><\/div>\n<!-- \/wp:spacer -->\n\n<!-- wp:heading {\"textAlign\":\"center\",\"style\":{\"spacing\":{\"margin\":{\"top\":\"var:preset|spacing|40\",\"right\":\"var:preset|spacing|40\",\"bottom\":\"var:preset|spacing|40\",\"left\":\"var:preset|spacing|40\"},\"padding\":{\"top\":\"var:preset|spacing|20\",\"right\":\"var:preset|spacing|20\",\"bottom\":\"var:preset|spacing|20\",\"left\":\"var:preset|spacing|20\"}}},\"fontSize\":\"x-large\"} -->\n<h2 class=\"has-text-align-center has-x-large-font-size\" style=\"margin-top:var(--wp--preset--spacing--40);margin-right:var(--wp--preset--spacing--40);margin-bottom:var(--wp--preset--spacing--40);margin-left:var(--wp--preset--spacing--40);padding-top:var(--wp--preset--spacing--20);padding-right:var(--wp--preset--spacing--20);padding-bottom:var(--wp--preset--spacing--20);padding-left:var(--wp--preset--spacing--20)\">Indica qu\u00e9 haces<\/h2>\n<!-- \/wp:heading -->\n\n<!-- wp:columns {\"align\":\"wide\",\"style\":{\"color\":{\"text\":\"#000000\",\"background\":\"#ffffff\"}},\"twStack\":\"md\"} -->\n<div class=\"wp-block-columns alignwide has-text-color has-background tw-cols-stack-md\" style=\"color:#000000;background-color:#ffffff\"><!-- wp:column -->\n<div class=\"wp-block-column\"><!-- wp:image {\"id\":11325,\"sizeSlug\":\"large\",\"linkDestination\":\"none\"} -->\n<figure class=\"wp-block-image size-large\"><img src=\"https:\/\/www.assap.ad\/wp-content\/plugins\/wp-optimizado\/admin\/assets\/image\/landscape-1024x666.jpg\" alt=\"\" class=\"wp-image-11325\"\/><\/figure>\n<!-- \/wp:image -->\n\n<!-- wp:heading {\"level\":3,\"style\":{\"typography\":{\"fontSize\":\"22px\",\"lineHeight\":\"1.3\",\"fontStyle\":\"normal\",\"fontWeight\":\"400\"}}} -->\n<h3 style=\"font-size:22px;font-style:normal;font-weight:400;line-height:1.3\"><strong>Primer bloque<\/strong><\/h3>\n<!-- \/wp:heading -->\n\n<!-- wp:paragraph -->\n<p>Puedes explicar de forma breve los productos que ofreces a tus clientes y sus modalidades.<\/p>\n<!-- \/wp:paragraph --><\/div>\n<!-- \/wp:column -->\n\n<!-- wp:column -->\n<div class=\"wp-block-column\"><!-- wp:image {\"id\":11325,\"sizeSlug\":\"large\",\"linkDestination\":\"none\"} -->\n<figure class=\"wp-block-image size-large\"><img src=\"https:\/\/www.assap.ad\/wp-content\/plugins\/wp-optimizado\/admin\/assets\/image\/landscape-1024x666.jpg\" alt=\"\" class=\"wp-image-11325\"\/><\/figure>\n<!-- \/wp:image -->\n\n<!-- wp:heading {\"level\":3,\"style\":{\"typography\":{\"fontSize\":\"22px\",\"lineHeight\":\"1.3\",\"fontStyle\":\"normal\",\"fontWeight\":\"400\"}}} -->\n<h3 style=\"font-size:22px;font-style:normal;font-weight:400;line-height:1.3\"><strong>Segundo bloque<\/strong><\/h3>\n<!-- \/wp:heading -->\n\n<!-- wp:paragraph -->\n<p>Aprovecha para contar otros servicios en los que eres un especialista. Utiliza frases cortas.<\/p>\n<!-- \/wp:paragraph --><\/div>\n<!-- \/wp:column -->\n\n<!-- wp:column -->\n<div class=\"wp-block-column\"><!-- wp:image {\"id\":11325,\"sizeSlug\":\"large\",\"linkDestination\":\"none\"} -->\n<figure class=\"wp-block-image size-large\"><img src=\"https:\/\/www.assap.ad\/wp-content\/plugins\/wp-optimizado\/admin\/assets\/image\/landscape-1024x666.jpg\" alt=\"\" class=\"wp-image-11325\"\/><\/figure>\n<!-- \/wp:image -->\n\n<!-- wp:heading {\"level\":3,\"style\":{\"typography\":{\"fontSize\":\"22px\",\"lineHeight\":\"1.3\",\"fontStyle\":\"normal\",\"fontWeight\":\"400\"}}} -->\n<h3 style=\"font-size:22px;font-style:normal;font-weight:400;line-height:1.3\"><strong>Tercer bloque<\/strong><\/h3>\n<!-- \/wp:heading -->\n\n<!-- wp:paragraph -->\n<p>Si ofreces un servicio diferencial, tienes que contarlo en esta primera p\u00e1gina para impactar.<\/p>\n<!-- \/wp:paragraph --><\/div>\n<!-- \/wp:column --><\/div>\n<!-- \/wp:columns -->\n\n<!-- wp:paragraph -->\n<p><\/p>\n<!-- \/wp:paragraph -->","_et_gb_content_width":"","inline_featured_image":false,"footnotes":""},"categoria-seguro":[39],"class_list":["post-4501","page","type-page","status-publish","has-post-thumbnail","hentry","categoria-seguro-particulares"],"acf":[],"_links":{"self":[{"href":"https:\/\/www.assap.ad\/es\/wp-json\/wp\/v2\/pages\/4501","targetHints":{"allow":["GET"]}}],"collection":[{"href":"https:\/\/www.assap.ad\/es\/wp-json\/wp\/v2\/pages"}],"about":[{"href":"https:\/\/www.assap.ad\/es\/wp-json\/wp\/v2\/types\/page"}],"author":[{"embeddable":true,"href":"https:\/\/www.assap.ad\/es\/wp-json\/wp\/v2\/users\/1"}],"replies":[{"embeddable":true,"href":"https:\/\/www.assap.ad\/es\/wp-json\/wp\/v2\/comments?post=4501"}],"version-history":[{"count":8,"href":"https:\/\/www.assap.ad\/es\/wp-json\/wp\/v2\/pages\/4501\/revisions"}],"predecessor-version":[{"id":12936,"href":"https:\/\/www.assap.ad\/es\/wp-json\/wp\/v2\/pages\/4501\/revisions\/12936"}],"up":[{"embeddable":true,"href":"https:\/\/www.assap.ad\/es\/wp-json\/wp\/v2\/pages\/6"}],"wp:featuredmedia":[{"embeddable":true,"href":"https:\/\/www.assap.ad\/es\/wp-json\/wp\/v2\/media\/4153"}],"wp:attachment":[{"href":"https:\/\/www.assap.ad\/es\/wp-json\/wp\/v2\/media?parent=4501"}],"wp:term":[{"taxonomy":"categoria-seguro","embeddable":true,"href":"https:\/\/www.assap.ad\/es\/wp-json\/wp\/v2\/categoria-seguro?post=4501"}],"curies":[{"name":"wp","href":"https:\/\/api.w.org\/{rel}","templated":true}]}}