{"id":5147,"date":"2024-09-06T22:11:37","date_gmt":"2024-09-06T20:11:37","guid":{"rendered":"https:\/\/www.assap.ad\/?page_id=5147"},"modified":"2024-10-23T16:43:38","modified_gmt":"2024-10-23T14:43:38","slug":"viaje-estudiantes","status":"publish","type":"page","link":"https:\/\/www.assap.ad\/es\/seguros-andorra\/viaje-estudiantes\/","title":{"rendered":"Viaje estudiantes"},"content":{"rendered":"<p>[et_pb_section fb_built=\u00bb1&#8243; admin_label=\u00bbTodo riesgo construcci\u00f3n\u00bb _builder_version=\u00bb4.27.0&#8243; _module_preset=\u00bbdefault\u00bb background_color=\u00bb#F3F8FC\u00bb custom_padding=\u00bb0px||0px||true|\u00bb locked=\u00bboff\u00bb global_colors_info=\u00bb{}\u00bb][et_pb_row column_structure=\u00bb1_2,1_2&#8243; use_custom_gutter=\u00bbon\u00bb gutter_width=\u00bb1&#8243; make_equal=\u00bbon\u00bb _builder_version=\u00bb4.27.0&#8243; _module_preset=\u00bbdefault\u00bb background_enable_color=\u00bboff\u00bb width=\u00bb100%\u00bb width_tablet=\u00bb100%\u00bb width_phone=\u00bb100%\u00bb width_last_edited=\u00bboff|phone\u00bb max_width=\u00bb1301px\u00bb custom_padding=\u00bb0px||0px||true|false\u00bb global_colors_info=\u00bb{}\u00bb custom_css_main_element__hover_enabled=\u00bboff|desktop\u00bb custom_css_main_element_last_edited=\u00bbon|tablet\u00bb custom_css_main_element_tablet=\u00bbdisplay: flex;||flex-direction: column-reverse;\u00bb custom_css_main_element_phone=\u00bbdisplay: flex;||flex-direction: column-reverse;\u00bb][et_pb_column type=\u00bb1_2&#8243; _builder_version=\u00bb4.27.0&#8243; _module_preset=\u00bbdefault\u00bb custom_padding=\u00bb40px|5.5%|5.5%|5.5%|false|true\u00bb custom_padding_tablet=\u00bb30px|8%|9%|8%|false|true\u00bb custom_padding_phone=\u00bb30px|10%|15%|10%|false|true\u00bb custom_padding_last_edited=\u00bbon|phone\u00bb custom_css_main_element=\u00bbdisplay: flex;||flex-direction: column;||justify-content: space-between;||\u00bb global_colors_info=\u00bb{}\u00bb custom_css_main_element_last_edited=\u00bboff|desktop\u00bb custom_css_main_element_tablet=\u00bbdisplay: flex;||flex-direction: column;||justify-content: space-between;||\u00bb][et_pb_code admin_label=\u00bbBreadcrumb\u00bb module_class=\u00bbbreadcrumb\u00bb _builder_version=\u00bb4.27.0&#8243; _module_preset=\u00bbdefault\u00bb custom_margin=\u00bb||30px||false|false\u00bb locked=\u00bboff\u00bb global_colors_info=\u00bb{}\u00bb]<nav aria-label=\"breadcrumbs\" class=\"rank-math-breadcrumb\"><p><a href=\"https:\/\/www.assap.ad\/es\/\">Inicio<\/a><span class=\"separator\"> &gt; <\/span><a href=\"https:\/\/www.assap.ad\/es\/\">Seguros Andorra<\/a><span class=\"separator\"> &gt; <\/span><span class=\"last\">Inicio<\/span><\/p><\/nav>[\/et_pb_code][et_pb_text admin_label=\u00bbh1&#8243; _builder_version=\u00bb4.27.0&#8243; _module_preset=\u00bbdefault\u00bb header_2_text_color=\u00bb#FFFFFF\u00bb animation_style=\u00bbslide\u00bb animation_direction=\u00bbtop\u00bb global_colors_info=\u00bb{}\u00bb]<\/p>\n<h1>El mejor seguro para estudiantes<\/h1>\n<p>[\/et_pb_text][et_pb_text _builder_version=\u00bb4.27.2&#8243; _module_preset=\u00bbdefault\u00bb custom_margin=\u00bb35px||40px||false|false\u00bb custom_margin_tablet=\u00bb30px||35px||false|false\u00bb custom_margin_phone=\u00bb20px||25px||false|false\u00bb custom_margin_last_edited=\u00bbon|desktop\u00bb hover_enabled=\u00bb0&#8243; text_line_height_last_edited=\u00bboff|phone\u00bb locked=\u00bboff\u00bb global_colors_info=\u00bb{}\u00bb sticky_enabled=\u00bb0&#8243;]<\/p>\n<p class=\"p1\">\u00bfEst\u00e1s listo para explorar el mundo y expandir tus horizontes acad\u00e9micos? Con el seguro de viajes para estudiantes de ASSAP, te acompa\u00f1amos en esta emocionante etapa.\u00a0<\/p>\n<p class=\"p1\">Nuestra p\u00f3liza est\u00e1 dise\u00f1ada para cubrir todas tus necesidades mientras estudias en el extranjero y ofrece amplias coberturas m\u00e9dicas. Incluye hospitalizaci\u00f3n por enfermedad o accidente, prolongaci\u00f3n de la estancia por causas m\u00e9dicas y soluciones para la p\u00e9rdida de equipaje, entre otros, para que ning\u00fan imprevisto m\u00e9dico sea un obst\u00e1culo en tu camino educativo.<\/p>\n<p>[\/et_pb_text][et_pb_button button_url=\u00bb#solicitar-presupuesto\u00bb button_text=\u00bb\u00a1Solicitar presupuesto!\u00bb _builder_version=\u00bb4.27.0&#8243; _module_preset=\u00bbdefault\u00bb custom_margin=\u00bb||||false|false\u00bb custom_css_free_form=\u00bbselector.et_pb_button:hover {background-color: #00538e!important;}\u00bb locked=\u00bboff\u00bb global_colors_info=\u00bb{}\u00bb button_text_color__hover_enabled=\u00bbon|hover\u00bb button_text_color__hover=\u00bb#FFFFFF\u00bb button_bg_color__hover_enabled=\u00bbon|hover\u00bb button_bg_color__hover=\u00bb#00538e\u00bb button_bg_enable_color__hover=\u00bbon\u00bb custom_css_main_element__hover_enabled=\u00bboff|hover\u00bb][\/et_pb_button][\/et_pb_column][et_pb_column type=\u00bb1_2&#8243; _builder_version=\u00bb4.27.0&#8243; _dynamic_attributes=\u00bbbackground_image\u00bb _module_preset=\u00bbdefault\u00bb background_image=\u00bb@ET-DC@eyJkeW5hbWljIjp0cnVlLCJjb250ZW50IjoicG9zdF9mZWF0dXJlZF9pbWFnZSIsInNldHRpbmdzIjp7fX0=@\u00bb global_colors_info=\u00bb{}\u00bb custom_css_main_element_last_edited=\u00bbon|phone\u00bb custom_css_main_element_tablet=\u00bbmin-height: 400px!important;||display: block!important;\u00bb custom_css_main_element_phone=\u00bbmin-height: 396px!important;||display: block!important;\u00bb][\/et_pb_column][\/et_pb_row][\/et_pb_section][et_pb_section fb_built=\u00bb1&#8243; admin_label=\u00bb\u00bfEn qu\u00e9 consiste el seguro?\u00bb _builder_version=\u00bb4.25.2&#8243; _module_preset=\u00bbdefault\u00bb custom_padding=\u00bb||||false|false\u00bb global_colors_info=\u00bb{}\u00bb][et_pb_row _builder_version=\u00bb4.27.0&#8243; _module_preset=\u00bbdefault\u00bb width_tablet=\u00bb84.05%\u00bb width_phone=\u00bb80.05%\u00bb width_last_edited=\u00bbon|tablet\u00bb global_colors_info=\u00bb{}\u00bb][et_pb_column type=\u00bb4_4&#8243; admin_label=\u00bbColumna\u00bb _builder_version=\u00bb4.25.2&#8243; _module_preset=\u00bbdefault\u00bb global_colors_info=\u00bb{}\u00bb][et_pb_text admin_label=\u00bbh2&#8243; _builder_version=\u00bb4.27.0&#8243; _module_preset=\u00bbdefault\u00bb header_2_text_align=\u00bbcenter\u00bb max_width=\u00bb540px\u00bb module_alignment=\u00bbcenter\u00bb animation_style=\u00bbslide\u00bb animation_direction=\u00bbtop\u00bb header_2_text_align_tablet=\u00bbleft\u00bb header_2_text_align_phone=\u00bbleft\u00bb header_2_text_align_last_edited=\u00bbon|tablet\u00bb module_alignment_tablet=\u00bbleft\u00bb module_alignment_phone=\u00bbleft\u00bb module_alignment_last_edited=\u00bbon|tablet\u00bb global_colors_info=\u00bb{}\u00bb]<\/p>\n<h2>\u00bfEn qu\u00e9 consiste el seguro de viaje de estudiantes?<\/h2>\n<p>[\/et_pb_text][\/et_pb_column][\/et_pb_row][et_pb_row _builder_version=\u00bb4.27.0&#8243; _module_preset=\u00bbdefault\u00bb width_tablet=\u00bb84.05%\u00bb width_phone=\u00bb80.05%\u00bb custom_padding=\u00bb0px|||||\u00bb global_colors_info=\u00bb{}\u00bb][et_pb_column type=\u00bb4_4&#8243; _builder_version=\u00bb4.25.2&#8243; _module_preset=\u00bbdefault\u00bb global_colors_info=\u00bb{}\u00bb][et_pb_text admin_label=\u00bbTexto\u00bb _builder_version=\u00bb4.27.2&#8243; _module_preset=\u00bbdefault\u00bb text_orientation=\u00bbcenter\u00bb max_width=\u00bb910px\u00bb max_width_tablet=\u00bb100%\u00bb max_width_phone=\u00bb100%\u00bb max_width_last_edited=\u00bbon|tablet\u00bb module_alignment=\u00bbcenter\u00bb hover_enabled=\u00bb0&#8243; text_orientation_tablet=\u00bbleft\u00bb text_orientation_phone=\u00bbleft\u00bb text_orientation_last_edited=\u00bbon|phone\u00bb module_alignment_tablet=\u00bbleft\u00bb module_alignment_phone=\u00bbleft\u00bb module_alignment_last_edited=\u00bbon|tablet\u00bb global_colors_info=\u00bb{}\u00bb sticky_enabled=\u00bb0&#8243;]<\/p>\n<p class=\"p1\">Un seguro de viaje para estudiantes es una p\u00f3liza dise\u00f1ada espec\u00edficamente para j\u00f3venes que estudian fuera de su pa\u00eds de origen. Cubre asistencia m\u00e9dica de emergencia, p\u00e9rdida de equipaje y situaciones que interrumpan su educaci\u00f3n, como enfermedades o emergencias familiares. Proporciona protecci\u00f3n y soporte esencial para garantizar una experiencia de estudio segura y sin interrupciones.<\/p>\n<p>[\/et_pb_text][\/et_pb_column][\/et_pb_row][\/et_pb_section][et_pb_section fb_built=\u00bb1&#8243; admin_label=\u00bb\u00bfQu\u00e9 cubre?\u00bb _builder_version=\u00bb4.25.2&#8243; _module_preset=\u00bbdefault\u00bb background_color=\u00bb#F3F8FC\u00bb global_colors_info=\u00bb{}\u00bb][et_pb_row _builder_version=\u00bb4.27.0&#8243; _module_preset=\u00bbdefault\u00bb global_colors_info=\u00bb{}\u00bb][et_pb_column type=\u00bb4_4&#8243; admin_label=\u00bbColumna\u00bb _builder_version=\u00bb4.25.2&#8243; _module_preset=\u00bbdefault\u00bb global_colors_info=\u00bb{}\u00bb][et_pb_text admin_label=\u00bbh2&#8243; _builder_version=\u00bb4.27.2&#8243; _module_preset=\u00bbdefault\u00bb header_2_font=\u00bb||||||||\u00bb header_2_text_align=\u00bbcenter\u00bb max_width=\u00bb420px\u00bb max_width_tablet=\u00bb350px\u00bb max_width_phone=\u00bb350px\u00bb max_width_last_edited=\u00bbon|phone\u00bb module_alignment=\u00bbcenter\u00bb animation_style=\u00bbslide\u00bb animation_direction=\u00bbtop\u00bb hover_enabled=\u00bb0&#8243; locked=\u00bboff\u00bb global_colors_info=\u00bb{}\u00bb sticky_enabled=\u00bb0&#8243;]<\/p>\n<h2>\u00bfQu\u00e9 cubre el seguro de viaje de estudiantes?<\/h2>\n<p>[\/et_pb_text][\/et_pb_column][\/et_pb_row][et_pb_row _builder_version=\u00bb4.27.0&#8243; _module_preset=\u00bbdefault\u00bb width_phone=\u00bb85%\u00bb custom_padding=\u00bb||||false|false\u00bb global_colors_info=\u00bb{}\u00bb][et_pb_column type=\u00bb4_4&#8243; _builder_version=\u00bb4.25.2&#8243; _module_preset=\u00bbdefault\u00bb global_colors_info=\u00bb{}\u00bb][et_pb_text admin_label=\u00bbh3&#8243; _builder_version=\u00bb4.26.0&#8243; _module_preset=\u00bbdefault\u00bb text_font=\u00bb||||||||\u00bb header_3_text_align=\u00bbcenter\u00bb text_orientation=\u00bbcenter\u00bb min_height=\u00bb90px\u00bb min_height_tablet=\u00bb\u00bb min_height_phone=\u00bb\u00bb min_height_last_edited=\u00bbon|phone\u00bb custom_margin=\u00bb||||false|false\u00bb custom_padding=\u00bb||||false|false\u00bb header_2_font_size_tablet=\u00bb\u00bb header_2_font_size_phone=\u00bb\u00bb header_2_font_size_last_edited=\u00bbon|phone\u00bb header_4_font_size_tablet=\u00bb\u00bb header_4_font_size_phone=\u00bb\u00bb header_4_font_size_last_edited=\u00bbon|desktop\u00bb global_colors_info=\u00bb{}\u00bb]<\/p>\n<h3>Coberturas incluidas<\/h3>\n<p>Con y sin franquicia *<\/p>\n<p>[\/et_pb_text][et_pb_toggle title=\u00bbFallecimiento e invalidez por accidente\u00bb open_toggle_text_color=\u00bb#1E608E\u00bb open_toggle_background_color=\u00bbRGBA(255,255,255,0)\u00bb closed_toggle_background_color=\u00bbRGBA(255,255,255,0)\u00bb icon_color=\u00bb#1E608E\u00bb toggle_icon=\u00bb&#x4c;||divi||400&#8243; open_icon_color=\u00bb#1E608E\u00bb open_toggle_icon=\u00bb&#x4b;||divi||400&#8243; admin_label=\u00bbFallecimiento e invalidez por accidente\u00bb module_class=\u00bblista coberturas-una-columna\u00bb _builder_version=\u00bb4.27.2&#8243; _module_preset=\u00bbdefault\u00bb title_text_color=\u00bb#1E608E\u00bb title_font=\u00bb||||||||\u00bb closed_title_font=\u00bb||||||||\u00bb body_font=\u00bb||||||||\u00bb body_text_color=\u00bb#1E608E\u00bb custom_margin=\u00bb||0px||false|false\u00bb custom_padding=\u00bb||0px||false|false\u00bb hover_enabled=\u00bb0&#8243; title_font_size_tablet=\u00bb\u00bb title_font_size_phone=\u00bb\u00bb title_font_size_last_edited=\u00bbon|desktop\u00bb closed_title_font_size_tablet=\u00bb\u00bb closed_title_font_size_phone=\u00bb\u00bb closed_title_font_size_last_edited=\u00bbon|phone\u00bb body_font_size_tablet=\u00bb18px\u00bb body_font_size_phone=\u00bb15px\u00bb body_font_size_last_edited=\u00bbon|phone\u00bb border_width_all=\u00bb0px\u00bb locked=\u00bboff\u00bb global_colors_info=\u00bb{}\u00bb sticky_enabled=\u00bb0&#8243;]<\/p>\n<p class=\"p1\">Ofrece indemnizaci\u00f3n en caso de fallecimiento o invalidez permanente causados por un accidente durante el viaje. En caso de fallecimiento asegura un apoyo financiero a tus beneficiarios y en situaciones de invalidez permanente ofrece una compensaci\u00f3n que se adapta a la gravedad y al impacto de la lesi\u00f3n. De este modo, proporciona apoyo financiero en estas dif\u00edciles circunstancias.<\/p>\n<p>[\/et_pb_toggle][et_pb_toggle title=\u00bbGastos odontol\u00f3gicos de emergencia\u00bb open_toggle_text_color=\u00bb#1E608E\u00bb open_toggle_background_color=\u00bbRGBA(255,255,255,0)\u00bb closed_toggle_background_color=\u00bbRGBA(255,255,255,0)\u00bb icon_color=\u00bb#1E608E\u00bb toggle_icon=\u00bb&#x4c;||divi||400&#8243; open_icon_color=\u00bb#1E608E\u00bb open_toggle_icon=\u00bb&#x4b;||divi||400&#8243; admin_label=\u00bbGastos odontol\u00f3gicos de emergencia\u00bb module_class=\u00bblista coberturas-una-columna\u00bb _builder_version=\u00bb4.27.2&#8243; _module_preset=\u00bbdefault\u00bb title_text_color=\u00bb#1E608E\u00bb title_font=\u00bb||||||||\u00bb closed_title_font=\u00bb||||||||\u00bb body_font=\u00bb||||||||\u00bb body_text_color=\u00bb#1E608E\u00bb custom_margin=\u00bb||0px||false|false\u00bb custom_padding=\u00bb||0px||false|false\u00bb hover_enabled=\u00bb0&#8243; title_font_size_tablet=\u00bb\u00bb title_font_size_phone=\u00bb\u00bb title_font_size_last_edited=\u00bbon|desktop\u00bb closed_title_font_size_tablet=\u00bb\u00bb closed_title_font_size_phone=\u00bb\u00bb closed_title_font_size_last_edited=\u00bbon|phone\u00bb body_font_size_tablet=\u00bb18px\u00bb body_font_size_phone=\u00bb15px\u00bb body_font_size_last_edited=\u00bbon|phone\u00bb border_width_all=\u00bb0px\u00bb locked=\u00bboff\u00bb global_colors_info=\u00bb{}\u00bb sticky_enabled=\u00bb0&#8243;]<\/p>\n<p class=\"p1\">Cubre los costes de tratamientos dentales urgentes necesarios durante tu viaje y asegura atenci\u00f3n inmediata para emergencias como dolor, infecciones o lesiones dentales sin preocupaciones financieras.<\/p>\n<p>[\/et_pb_toggle][et_pb_toggle title=\u00bbTransporte de los restos mortales\u00bb open_toggle_text_color=\u00bb#1E608E\u00bb open_toggle_background_color=\u00bbRGBA(255,255,255,0)\u00bb closed_toggle_background_color=\u00bbRGBA(255,255,255,0)\u00bb icon_color=\u00bb#1E608E\u00bb toggle_icon=\u00bb&#x4c;||divi||400&#8243; open_icon_color=\u00bb#1E608E\u00bb open_toggle_icon=\u00bb&#x4b;||divi||400&#8243; admin_label=\u00bbTransporte de los restos mortales\u00bb module_class=\u00bblista coberturas-una-columna\u00bb _builder_version=\u00bb4.27.2&#8243; _module_preset=\u00bbdefault\u00bb title_text_color=\u00bb#1E608E\u00bb title_font=\u00bb||||||||\u00bb closed_title_font=\u00bb||||||||\u00bb body_font=\u00bb||||||||\u00bb body_text_color=\u00bb#1E608E\u00bb custom_margin=\u00bb||0px||false|false\u00bb custom_padding=\u00bb||0px||false|false\u00bb hover_enabled=\u00bb0&#8243; title_font_size_tablet=\u00bb\u00bb title_font_size_phone=\u00bb\u00bb title_font_size_last_edited=\u00bbon|desktop\u00bb closed_title_font_size_tablet=\u00bb\u00bb closed_title_font_size_phone=\u00bb\u00bb closed_title_font_size_last_edited=\u00bbon|phone\u00bb body_font_size_tablet=\u00bb18px\u00bb body_font_size_phone=\u00bb15px\u00bb body_font_size_last_edited=\u00bbon|phone\u00bb border_width_all=\u00bb0px\u00bb locked=\u00bboff\u00bb global_colors_info=\u00bb{}\u00bb sticky_enabled=\u00bb0&#8243;]<\/p>\n<p class=\"p1\">Esta cobertura gestiona los costos y la log\u00edstica relacionados con el transporte de los restos mortales de vuelta al pa\u00eds de origen, en caso de fallecimiento durante un viaje de estudios. Asegura una gesti\u00f3n digna y respetuosa, y alivia la carga financiera y organizativa de la familia en un momento dif\u00edcil.<\/p>\n<p>[\/et_pb_toggle][et_pb_toggle title=\u00bbProlongaci\u00f3n de la estancia en hotel por prescripci\u00f3n m\u00e9dica\u00bb open_toggle_text_color=\u00bb#1E608E\u00bb open_toggle_background_color=\u00bbRGBA(255,255,255,0)\u00bb closed_toggle_background_color=\u00bbRGBA(255,255,255,0)\u00bb icon_color=\u00bb#1E608E\u00bb toggle_icon=\u00bb&#x4c;||divi||400&#8243; open_icon_color=\u00bb#1E608E\u00bb open_toggle_icon=\u00bb&#x4b;||divi||400&#8243; admin_label=\u00bbProlongaci\u00f3n de la estancia en hotel por prescripci\u00f3n m\u00e9dica\u00bb module_class=\u00bblista coberturas-una-columna\u00bb _builder_version=\u00bb4.27.2&#8243; _module_preset=\u00bbdefault\u00bb title_text_color=\u00bb#1E608E\u00bb title_font=\u00bb||||||||\u00bb closed_title_font=\u00bb||||||||\u00bb body_font=\u00bb||||||||\u00bb body_text_color=\u00bb#1E608E\u00bb custom_margin=\u00bb||0px||false|false\u00bb custom_padding=\u00bb||0px||false|false\u00bb hover_enabled=\u00bb0&#8243; title_font_size_tablet=\u00bb\u00bb title_font_size_phone=\u00bb\u00bb title_font_size_last_edited=\u00bbon|desktop\u00bb closed_title_font_size_tablet=\u00bb\u00bb closed_title_font_size_phone=\u00bb\u00bb closed_title_font_size_last_edited=\u00bbon|phone\u00bb body_font_size_tablet=\u00bb18px\u00bb body_font_size_phone=\u00bb15px\u00bb body_font_size_last_edited=\u00bbon|phone\u00bb border_width_all=\u00bb0px\u00bb locked=\u00bboff\u00bb global_colors_info=\u00bb{}\u00bb sticky_enabled=\u00bb0&#8243;]<\/p>\n<p class=\"p1\">Cubre los costes adicionales de alojamiento cuando una enfermedad o lesi\u00f3n durante tu viaje requieren una estancia extendida por prescripci\u00f3n m\u00e9dica para que puedas recuperarte adecuadamente sin la preocupaci\u00f3n de gastos de hotel imprevistos.<\/p>\n<p>[\/et_pb_toggle][et_pb_toggle title=\u00bbTransmisi\u00f3n de mensajes urgentes\u00bb open_toggle_text_color=\u00bb#1E608E\u00bb open_toggle_background_color=\u00bbRGBA(255,255,255,0)\u00bb closed_toggle_background_color=\u00bbRGBA(255,255,255,0)\u00bb icon_color=\u00bb#1E608E\u00bb toggle_icon=\u00bb&#x4c;||divi||400&#8243; open_icon_color=\u00bb#1E608E\u00bb open_toggle_icon=\u00bb&#x4b;||divi||400&#8243; admin_label=\u00bbTransmisi\u00f3n de mensajes urgentes\u00bb module_class=\u00bblista coberturas-una-columna\u00bb _builder_version=\u00bb4.27.2&#8243; _module_preset=\u00bbdefault\u00bb title_text_color=\u00bb#1E608E\u00bb title_font=\u00bb||||||||\u00bb closed_title_font=\u00bb||||||||\u00bb body_font=\u00bb||||||||\u00bb body_text_color=\u00bb#1E608E\u00bb custom_margin=\u00bb||0px||false|false\u00bb custom_padding=\u00bb||0px||false|false\u00bb hover_enabled=\u00bb0&#8243; title_font_size_tablet=\u00bb\u00bb title_font_size_phone=\u00bb\u00bb title_font_size_last_edited=\u00bbon|desktop\u00bb closed_title_font_size_tablet=\u00bb\u00bb closed_title_font_size_phone=\u00bb\u00bb closed_title_font_size_last_edited=\u00bbon|phone\u00bb body_font_size_tablet=\u00bb18px\u00bb body_font_size_phone=\u00bb15px\u00bb body_font_size_last_edited=\u00bbon|phone\u00bb border_width_all=\u00bb0px\u00bb locked=\u00bboff\u00bb global_colors_info=\u00bb{}\u00bb sticky_enabled=\u00bb0&#8243;]<\/p>\n<p class=\"p1\">Proporciona asistencia para el env\u00edo de mensajes importantes a familiares o empleadores en situaciones de emergencia durante tu viaje y asegura una comunicaci\u00f3n efectiva en momentos cr\u00edticos.<\/p>\n<p>[\/et_pb_toggle][et_pb_toggle title=\u00bbP\u00e9rdida o da\u00f1os de equipaje y efectos personales\u00bb open_toggle_text_color=\u00bb#1E608E\u00bb open_toggle_background_color=\u00bbRGBA(255,255,255,0)\u00bb closed_toggle_background_color=\u00bbRGBA(255,255,255,0)\u00bb icon_color=\u00bb#1E608E\u00bb toggle_icon=\u00bb&#x4c;||divi||400&#8243; open_icon_color=\u00bb#1E608E\u00bb open_toggle_icon=\u00bb&#x4b;||divi||400&#8243; admin_label=\u00bbP\u00e9rdida o da\u00f1os de equipaje y efectos personales\u00bb module_class=\u00bblista coberturas-una-columna\u00bb _builder_version=\u00bb4.27.2&#8243; _module_preset=\u00bbdefault\u00bb title_text_color=\u00bb#1E608E\u00bb title_font=\u00bb||||||||\u00bb closed_title_font=\u00bb||||||||\u00bb body_font=\u00bb||||||||\u00bb body_text_color=\u00bb#1E608E\u00bb custom_margin=\u00bb||0px||false|false\u00bb custom_padding=\u00bb||0px||false|false\u00bb hover_enabled=\u00bb0&#8243; title_font_size_tablet=\u00bb\u00bb title_font_size_phone=\u00bb\u00bb title_font_size_last_edited=\u00bbon|desktop\u00bb closed_title_font_size_tablet=\u00bb\u00bb closed_title_font_size_phone=\u00bb\u00bb closed_title_font_size_last_edited=\u00bbon|phone\u00bb body_font_size_tablet=\u00bb18px\u00bb body_font_size_phone=\u00bb15px\u00bb body_font_size_last_edited=\u00bbon|phone\u00bb border_width_all=\u00bb0px\u00bb locked=\u00bboff\u00bb global_colors_info=\u00bb{}\u00bb sticky_enabled=\u00bb0&#8243;]<\/p>\n<p class=\"p1\">Compensa la p\u00e9rdida o da\u00f1os de tus pertenencias durante el viaje, y garantiza su reemplazo o reparaci\u00f3n en caso de robo, extrav\u00edo o da\u00f1o.<\/p>\n<p>[\/et_pb_toggle][et_pb_toggle title=\u00bbGastos m\u00e9dicos, quir\u00fargicos, farmac\u00e9uticos y hospitalizaci\u00f3n por enfermedad o accidente\u00bb open_toggle_text_color=\u00bb#1E608E\u00bb open_toggle_background_color=\u00bbRGBA(255,255,255,0)\u00bb closed_toggle_background_color=\u00bbRGBA(255,255,255,0)\u00bb icon_color=\u00bb#1E608E\u00bb toggle_icon=\u00bb&#x4c;||divi||400&#8243; open_icon_color=\u00bb#1E608E\u00bb open_toggle_icon=\u00bb&#x4b;||divi||400&#8243; admin_label=\u00bbGastos m\u00e9dicos, quir\u00fargicos, farmac\u00e9uticos y hospitalizaci\u00f3n por enfermedad o accidente\u00bb module_class=\u00bblista coberturas-una-columna\u00bb _builder_version=\u00bb4.27.2&#8243; _module_preset=\u00bbdefault\u00bb title_text_color=\u00bb#1E608E\u00bb title_font=\u00bb||||||||\u00bb closed_title_font=\u00bb||||||||\u00bb body_font=\u00bb||||||||\u00bb body_text_color=\u00bb#1E608E\u00bb custom_margin=\u00bb||0px||false|false\u00bb custom_padding=\u00bb||0px||false|false\u00bb hover_enabled=\u00bb0&#8243; title_font_size_tablet=\u00bb\u00bb title_font_size_phone=\u00bb\u00bb title_font_size_last_edited=\u00bbon|desktop\u00bb closed_title_font_size_tablet=\u00bb\u00bb closed_title_font_size_phone=\u00bb\u00bb closed_title_font_size_last_edited=\u00bbon|phone\u00bb body_font_size_tablet=\u00bb18px\u00bb body_font_size_phone=\u00bb15px\u00bb body_font_size_last_edited=\u00bbon|phone\u00bb border_width_all=\u00bb0px\u00bb locked=\u00bboff\u00bb global_colors_info=\u00bb{}\u00bb sticky_enabled=\u00bb0&#8243;]<\/p>\n<p class=\"p1\">Cubre los gastos por tratamientos m\u00e9dicos, quir\u00fargicos, farmac\u00e9uticos y de hospitalizaci\u00f3n necesarios debido a enfermedad o accidente durante tu viaje, y proporciona tranquilidad financiera y acceso a atenci\u00f3n m\u00e9dica adecuada.<\/p>\n<p>[\/et_pb_toggle][et_pb_toggle title=\u00bbRepatriaci\u00f3n o transporte sanitario por enfermedad o accidente\u00bb open_toggle_text_color=\u00bb#1E608E\u00bb open_toggle_background_color=\u00bbRGBA(255,255,255,0)\u00bb closed_toggle_background_color=\u00bbRGBA(255,255,255,0)\u00bb icon_color=\u00bb#1E608E\u00bb toggle_icon=\u00bb&#x4c;||divi||400&#8243; open_icon_color=\u00bb#1E608E\u00bb open_toggle_icon=\u00bb&#x4b;||divi||400&#8243; admin_label=\u00bbRepatriaci\u00f3n o transporte sanitario por enfermedad o accidente\u00bb module_class=\u00bblista coberturas-una-columna\u00bb _builder_version=\u00bb4.27.2&#8243; _module_preset=\u00bbdefault\u00bb title_text_color=\u00bb#1E608E\u00bb title_font=\u00bb||||||||\u00bb closed_title_font=\u00bb||||||||\u00bb body_font=\u00bb||||||||\u00bb body_text_color=\u00bb#1E608E\u00bb custom_margin=\u00bb||0px||false|false\u00bb custom_padding=\u00bb||0px||false|false\u00bb hover_enabled=\u00bb0&#8243; title_font_size_tablet=\u00bb\u00bb title_font_size_phone=\u00bb\u00bb title_font_size_last_edited=\u00bbon|desktop\u00bb closed_title_font_size_tablet=\u00bb\u00bb closed_title_font_size_phone=\u00bb\u00bb closed_title_font_size_last_edited=\u00bbon|phone\u00bb body_font_size_tablet=\u00bb18px\u00bb body_font_size_phone=\u00bb15px\u00bb body_font_size_last_edited=\u00bbon|phone\u00bb border_width_all=\u00bb0px\u00bb locked=\u00bboff\u00bb global_colors_info=\u00bb{}\u00bb sticky_enabled=\u00bb0&#8243;]<\/p>\n<p class=\"p1\">Cubre los gastos y gesti\u00f3n del traslado sanitario o repatriaci\u00f3n en caso de enfermedad o accidente durante tu viaje y asegura tu traslado seguro al lugar de tratamiento m\u00e1s adecuado o a tu pa\u00eds de origen.<\/p>\n<p>[\/et_pb_toggle][et_pb_toggle title=\u00bbDesplazamiento y estancia de un familiar por hospitalizaci\u00f3n\u00bb open_toggle_text_color=\u00bb#1E608E\u00bb open_toggle_background_color=\u00bbRGBA(255,255,255,0)\u00bb closed_toggle_background_color=\u00bbRGBA(255,255,255,0)\u00bb icon_color=\u00bb#1E608E\u00bb toggle_icon=\u00bb&#x4c;||divi||400&#8243; open_icon_color=\u00bb#1E608E\u00bb open_toggle_icon=\u00bb&#x4b;||divi||400&#8243; admin_label=\u00bbDesplazamiento y estancia de un familiar por hospitalizaci\u00f3n\u00bb module_class=\u00bblista coberturas-una-columna\u00bb _builder_version=\u00bb4.27.2&#8243; _module_preset=\u00bbdefault\u00bb title_text_color=\u00bb#1E608E\u00bb title_font=\u00bb||||||||\u00bb closed_title_font=\u00bb||||||||\u00bb body_font=\u00bb||||||||\u00bb body_text_color=\u00bb#1E608E\u00bb custom_margin=\u00bb||0px||false|false\u00bb custom_padding=\u00bb||0px||false|false\u00bb hover_enabled=\u00bb0&#8243; title_font_size_tablet=\u00bb\u00bb title_font_size_phone=\u00bb\u00bb title_font_size_last_edited=\u00bbon|desktop\u00bb closed_title_font_size_tablet=\u00bb\u00bb closed_title_font_size_phone=\u00bb\u00bb closed_title_font_size_last_edited=\u00bbon|phone\u00bb body_font_size_tablet=\u00bb18px\u00bb body_font_size_phone=\u00bb15px\u00bb body_font_size_last_edited=\u00bbon|phone\u00bb border_width_all=\u00bb0px\u00bb locked=\u00bboff\u00bb global_colors_info=\u00bb{}\u00bb sticky_enabled=\u00bb0&#8243;]<\/p>\n<p class=\"p1\">Proporciona transporte y alojamiento para un familiar en caso de que te hospitalicen durante tu viaje y asegura que puedas tener el apoyo de un ser querido durante tu recuperaci\u00f3n.<\/p>\n<p>[\/et_pb_toggle][et_pb_toggle title=\u00bbRegreso anticipado\u00bb open_toggle_text_color=\u00bb#1E608E\u00bb open_toggle_background_color=\u00bbRGBA(255,255,255,0)\u00bb closed_toggle_background_color=\u00bbRGBA(255,255,255,0)\u00bb icon_color=\u00bb#1E608E\u00bb toggle_icon=\u00bb&#x4c;||divi||400&#8243; open_icon_color=\u00bb#1E608E\u00bb open_toggle_icon=\u00bb&#x4b;||divi||400&#8243; admin_label=\u00bbRegreso anticipado\u00bb module_class=\u00bblista coberturas-una-columna\u00bb _builder_version=\u00bb4.27.2&#8243; _module_preset=\u00bbdefault\u00bb title_text_color=\u00bb#1E608E\u00bb title_font=\u00bb||||||||\u00bb closed_title_font=\u00bb||||||||\u00bb body_font=\u00bb||||||||\u00bb body_text_color=\u00bb#1E608E\u00bb custom_margin=\u00bb||0px||false|false\u00bb custom_padding=\u00bb||0px||false|false\u00bb hover_enabled=\u00bb0&#8243; title_font_size_tablet=\u00bb\u00bb title_font_size_phone=\u00bb\u00bb title_font_size_last_edited=\u00bbon|desktop\u00bb closed_title_font_size_tablet=\u00bb\u00bb closed_title_font_size_phone=\u00bb\u00bb closed_title_font_size_last_edited=\u00bbon|phone\u00bb body_font_size_tablet=\u00bb18px\u00bb body_font_size_phone=\u00bb15px\u00bb body_font_size_last_edited=\u00bbon|phone\u00bb border_width_all=\u00bb0px\u00bb locked=\u00bboff\u00bb global_colors_info=\u00bb{}\u00bb sticky_enabled=\u00bb0&#8243;]<\/p>\n<p class=\"p1\">Cubre los gastos de tu regreso anticipado debido a emergencias como enfermedad grave, fallecimiento de un familiar o desastres en tu residencia para poder atender situaciones urgentes sin preocupaciones financieras.<\/p>\n<p>[\/et_pb_toggle][et_pb_toggle title=\u00bbGastos de asistencia jur\u00eddica en el extranjero\u00bb open_toggle_text_color=\u00bb#1E608E\u00bb open_toggle_background_color=\u00bbRGBA(255,255,255,0)\u00bb closed_toggle_background_color=\u00bbRGBA(255,255,255,0)\u00bb icon_color=\u00bb#1E608E\u00bb toggle_icon=\u00bb&#x4c;||divi||400&#8243; open_icon_color=\u00bb#1E608E\u00bb open_toggle_icon=\u00bb&#x4b;||divi||400&#8243; admin_label=\u00bbGastos de asistencia jur\u00eddica en el extranjero\u00bb module_class=\u00bblista coberturas-una-columna\u00bb _builder_version=\u00bb4.27.0&#8243; _module_preset=\u00bbdefault\u00bb title_text_color=\u00bb#1E608E\u00bb title_font=\u00bb||||||||\u00bb closed_title_font=\u00bb||||||||\u00bb body_font=\u00bb||||||||\u00bb body_text_color=\u00bb#1E608E\u00bb custom_margin=\u00bb||0px||false|false\u00bb custom_padding=\u00bb||0px||false|false\u00bb title_font_size_tablet=\u00bb\u00bb title_font_size_phone=\u00bb\u00bb title_font_size_last_edited=\u00bbon|desktop\u00bb closed_title_font_size_tablet=\u00bb\u00bb closed_title_font_size_phone=\u00bb\u00bb closed_title_font_size_last_edited=\u00bbon|phone\u00bb body_font_size_tablet=\u00bb18px\u00bb body_font_size_phone=\u00bb15px\u00bb body_font_size_last_edited=\u00bbon|phone\u00bb border_width_all=\u00bb0px\u00bb locked=\u00bboff\u00bb global_colors_info=\u00bb{}\u00bb]Proporciona apoyo financiero para cubrir gastos legales, como honorarios de abogados y costes judiciales, en caso de necesitar asistencia jur\u00eddica durante tus viajes al extranjero.[\/et_pb_toggle][et_pb_toggle title=\u00bbP\u00e9rdida o robo de pasaporte\u00bb open_toggle_text_color=\u00bb#1E608E\u00bb open_toggle_background_color=\u00bbRGBA(255,255,255,0)\u00bb closed_toggle_background_color=\u00bbRGBA(255,255,255,0)\u00bb icon_color=\u00bb#1E608E\u00bb toggle_icon=\u00bb&#x4c;||divi||400&#8243; open_icon_color=\u00bb#1E608E\u00bb open_toggle_icon=\u00bb&#x4b;||divi||400&#8243; admin_label=\u00bbP\u00e9rdida o robo de pasaporte\u00bb module_class=\u00bblista coberturas-una-columna\u00bb _builder_version=\u00bb4.27.2&#8243; _module_preset=\u00bbdefault\u00bb title_text_color=\u00bb#1E608E\u00bb title_font=\u00bb||||||||\u00bb closed_title_font=\u00bb||||||||\u00bb body_font=\u00bb||||||||\u00bb body_text_color=\u00bb#1E608E\u00bb custom_margin=\u00bb||0px||false|false\u00bb custom_padding=\u00bb||0px||false|false\u00bb hover_enabled=\u00bb0&#8243; title_font_size_tablet=\u00bb\u00bb title_font_size_phone=\u00bb\u00bb title_font_size_last_edited=\u00bbon|desktop\u00bb closed_title_font_size_tablet=\u00bb\u00bb closed_title_font_size_phone=\u00bb\u00bb closed_title_font_size_last_edited=\u00bbon|phone\u00bb body_font_size_tablet=\u00bb18px\u00bb body_font_size_phone=\u00bb15px\u00bb body_font_size_last_edited=\u00bbon|phone\u00bb border_width_all=\u00bb0px\u00bb locked=\u00bboff\u00bb global_colors_info=\u00bb{}\u00bb sticky_enabled=\u00bb0&#8243;]<\/p>\n<p class=\"p1\">Proporciona asistencia y cubre los gastos para reemplazar tu pasaporte o conseguir documentos de viaje alternativos si lo pierdes o te lo roban durante tu viaje al extranjero.<\/p>\n<p>[\/et_pb_toggle][et_pb_toggle title=\u00bbResponsabilidad civil\u00bb open_toggle_text_color=\u00bb#1E608E\u00bb open_toggle_background_color=\u00bbRGBA(255,255,255,0)\u00bb closed_toggle_background_color=\u00bbRGBA(255,255,255,0)\u00bb icon_color=\u00bb#1E608E\u00bb toggle_icon=\u00bb&#x4c;||divi||400&#8243; open_icon_color=\u00bb#1E608E\u00bb open_toggle_icon=\u00bb&#x4b;||divi||400&#8243; admin_label=\u00bbResponsabilidad civil\u00bb module_class=\u00bblista coberturas-una-columna\u00bb _builder_version=\u00bb4.27.2&#8243; _module_preset=\u00bbdefault\u00bb title_text_color=\u00bb#1E608E\u00bb title_font=\u00bb||||||||\u00bb closed_title_font=\u00bb||||||||\u00bb body_font=\u00bb||||||||\u00bb body_text_color=\u00bb#1E608E\u00bb custom_margin=\u00bb||0px||false|false\u00bb custom_padding=\u00bb||0px||false|false\u00bb hover_enabled=\u00bb0&#8243; title_font_size_tablet=\u00bb\u00bb title_font_size_phone=\u00bb\u00bb title_font_size_last_edited=\u00bbon|desktop\u00bb closed_title_font_size_tablet=\u00bb\u00bb closed_title_font_size_phone=\u00bb\u00bb closed_title_font_size_last_edited=\u00bbon|phone\u00bb body_font_size_tablet=\u00bb18px\u00bb body_font_size_phone=\u00bb15px\u00bb body_font_size_last_edited=\u00bbon|phone\u00bb border_width_all=\u00bb0px\u00bb locked=\u00bboff\u00bb global_colors_info=\u00bb{}\u00bb sticky_enabled=\u00bb0&#8243;]<\/p>\n<p class=\"p1\">Brinda protecci\u00f3n financiera en caso de que causes da\u00f1o accidental a terceros o a sus propiedades durante tus viajes y cubre indemnizaciones por lesiones o da\u00f1os materiales.<\/p>\n<p>[\/et_pb_toggle][\/et_pb_column][\/et_pb_row][et_pb_row _builder_version=\u00bb4.26.0&#8243; _module_preset=\u00bbdefault\u00bb global_colors_info=\u00bb{}\u00bb][et_pb_column type=\u00bb4_4&#8243; _builder_version=\u00bb4.26.0&#8243; _module_preset=\u00bbdefault\u00bb global_colors_info=\u00bb{}\u00bb][et_pb_text _builder_version=\u00bb4.26.0&#8243; _module_preset=\u00bbdefault\u00bb text_font_size=\u00bb10px\u00bb text_line_height=\u00bb1.3em\u00bb max_width=\u00bb380px\u00bb text_font_size_tablet=\u00bb10px\u00bb text_font_size_phone=\u00bb10px\u00bb text_font_size_last_edited=\u00bbon|phone\u00bb global_colors_info=\u00bb{}\u00bb]<\/p>\n<p>* Coberturas y servicios sujetos a los t\u00e9rminos y condiciones aplicables a tu seguro. Esta secci\u00f3n no tiene valor contractual.<\/p>\n<p>[\/et_pb_text][et_pb_button button_url=\u00bb#solicitar-presupuesto\u00bb button_text=\u00bb\u00a1Solicitar presupuesto!\u00bb button_alignment=\u00bbcenter\u00bb _builder_version=\u00bb4.27.0&#8243; _module_preset=\u00bbdefault\u00bb custom_margin=\u00bb||||false|false\u00bb locked=\u00bboff\u00bb global_colors_info=\u00bb{}\u00bb button_text_color__hover_enabled=\u00bbon|hover\u00bb button_text_color__hover=\u00bb#FFFFFF\u00bb button_bg_color__hover_enabled=\u00bbon|hover\u00bb button_bg_color__hover=\u00bb#00538e\u00bb button_bg_enable_color__hover=\u00bbon\u00bb custom_css_main_element__hover_enabled=\u00bboff|hover\u00bb][\/et_pb_button][\/et_pb_column][\/et_pb_row][\/et_pb_section]<\/p>\n","protected":false},"excerpt":{"rendered":"<p><nav aria-label=\"breadcrumbs\" class=\"rank-math-breadcrumb\"><p><a href=\"https:\/\/www.assap.ad\/es\/\">Inicio<\/a><span class=\"separator\"> &gt; <\/span><a href=\"https:\/\/www.assap.ad\/es\/\">Seguros Andorra<\/a><span class=\"separator\"> &gt; <\/span><span class=\"last\">Inicio<\/span><\/p><\/nav>El mejor seguro para estudiantes\u00bfEst\u00e1s listo para explorar el mundo y expandir tus horizontes acad\u00e9micos? Con el seguro de viajes para estudiantes de ASSAP, te acompa\u00f1amos en esta emocionante etapa.\u00a0 Nuestra p\u00f3liza est\u00e1 dise\u00f1ada para cubrir todas tus necesidades mientras estudias en el extranjero y ofrece amplias coberturas m\u00e9dicas. Incluye hospitalizaci\u00f3n por enfermedad o accidente, [&hellip;]<\/p>\n","protected":false},"author":1,"featured_media":4149,"parent":6,"menu_order":31,"comment_status":"closed","ping_status":"closed","template":"","meta":{"_acf_changed":false,"_et_pb_use_builder":"on","_et_pb_old_content":"<!-- wp:cover {\"url\":\"https:\/\/www.assap.ad\/wp-content\/uploads\/2022\/03\/wide-neutra.jpg\",\"id\":15,\"dimRatio\":60,\"overlayColor\":\"primary\",\"minHeight\":500,\"align\":\"full\"} -->\n<div class=\"wp-block-cover alignfull\" style=\"min-height:500px\"><span aria-hidden=\"true\" class=\"wp-block-cover__background has-primary-background-color has-background-dim-60 has-background-dim\"><\/span><img class=\"wp-block-cover__image-background wp-image-15\" alt=\"\" src=\"https:\/\/www.assap.ad\/wp-content\/uploads\/2022\/03\/wide-neutra.jpg\" data-object-fit=\"cover\"\/><div class=\"wp-block-cover__inner-container\"><!-- wp:heading {\"textAlign\":\"center\",\"level\":1,\"align\":\"wide\",\"textColor\":\"background\",\"fontSize\":\"xx-large\"} -->\n<h1 class=\"alignwide has-text-align-center has-background-color has-text-color has-xx-large-font-size\">Escribe un t\u00edtulo para impresionar a tus visitantes<\/h1>\n<!-- \/wp:heading -->\n\n<!-- wp:buttons {\"layout\":{\"type\":\"flex\",\"justifyContent\":\"center\"}} -->\n<div class=\"wp-block-buttons\"><!-- wp:button {\"backgroundColor\":\"background\",\"textColor\":\"foreground\"} -->\n<div class=\"wp-block-button\"><a class=\"wp-block-button__link has-foreground-color has-background-background-color has-text-color has-background wp-element-button\">Saber m\u00e1s<\/a><\/div>\n<!-- \/wp:button --><\/div>\n<!-- \/wp:buttons --><\/div><\/div>\n<!-- \/wp:cover -->\n\n<!-- wp:paragraph {\"style\":{\"spacing\":{\"margin\":{\"top\":\"var:preset|spacing|60\",\"right\":\"var:preset|spacing|60\",\"bottom\":\"var:preset|spacing|60\",\"left\":\"var:preset|spacing|60\"},\"padding\":{\"top\":\"var:preset|spacing|30\",\"right\":\"var:preset|spacing|30\",\"bottom\":\"var:preset|spacing|30\",\"left\":\"var:preset|spacing|30\"}}}} -->\n<p style=\"margin-top:var(--wp--preset--spacing--60);margin-right:var(--wp--preset--spacing--60);margin-bottom:var(--wp--preset--spacing--60);margin-left:var(--wp--preset--spacing--60);padding-top:var(--wp--preset--spacing--30);padding-right:var(--wp--preset--spacing--30);padding-bottom:var(--wp--preset--spacing--30);padding-left:var(--wp--preset--spacing--30)\">En estas primeras l\u00edneas puedes contar qu\u00e9 es lo que te hace diferente ante los dem\u00e1s, esa frase o concepto por el que quieres que te recuerden.<\/p>\n<!-- \/wp:paragraph -->\n\n<!-- wp:spacer {\"height\":\"20px\"} -->\n<div style=\"height:20px\" aria-hidden=\"true\" class=\"wp-block-spacer\"><\/div>\n<!-- \/wp:spacer -->\n\n<!-- wp:spacer {\"height\":\"20px\"} -->\n<div style=\"height:20px\" aria-hidden=\"true\" class=\"wp-block-spacer\"><\/div>\n<!-- \/wp:spacer -->\n\n<!-- wp:heading {\"textAlign\":\"center\",\"style\":{\"spacing\":{\"margin\":{\"top\":\"var:preset|spacing|40\",\"right\":\"var:preset|spacing|40\",\"bottom\":\"var:preset|spacing|40\",\"left\":\"var:preset|spacing|40\"},\"padding\":{\"top\":\"var:preset|spacing|20\",\"right\":\"var:preset|spacing|20\",\"bottom\":\"var:preset|spacing|20\",\"left\":\"var:preset|spacing|20\"}}},\"fontSize\":\"x-large\"} -->\n<h2 class=\"has-text-align-center has-x-large-font-size\" style=\"margin-top:var(--wp--preset--spacing--40);margin-right:var(--wp--preset--spacing--40);margin-bottom:var(--wp--preset--spacing--40);margin-left:var(--wp--preset--spacing--40);padding-top:var(--wp--preset--spacing--20);padding-right:var(--wp--preset--spacing--20);padding-bottom:var(--wp--preset--spacing--20);padding-left:var(--wp--preset--spacing--20)\">Indica qu\u00e9 haces<\/h2>\n<!-- \/wp:heading -->\n\n<!-- wp:columns {\"align\":\"wide\",\"style\":{\"color\":{\"text\":\"#000000\",\"background\":\"#ffffff\"}},\"twStack\":\"md\"} -->\n<div class=\"wp-block-columns alignwide has-text-color has-background tw-cols-stack-md\" style=\"color:#000000;background-color:#ffffff\"><!-- wp:column -->\n<div class=\"wp-block-column\"><!-- wp:image {\"id\":11325,\"sizeSlug\":\"large\",\"linkDestination\":\"none\"} -->\n<figure class=\"wp-block-image size-large\"><img src=\"https:\/\/www.assap.ad\/wp-content\/plugins\/wp-optimizado\/admin\/assets\/image\/landscape-1024x666.jpg\" alt=\"\" class=\"wp-image-11325\"\/><\/figure>\n<!-- \/wp:image -->\n\n<!-- wp:heading {\"level\":3,\"style\":{\"typography\":{\"fontSize\":\"22px\",\"lineHeight\":\"1.3\",\"fontStyle\":\"normal\",\"fontWeight\":\"400\"}}} -->\n<h3 style=\"font-size:22px;font-style:normal;font-weight:400;line-height:1.3\"><strong>Primer bloque<\/strong><\/h3>\n<!-- \/wp:heading -->\n\n<!-- wp:paragraph -->\n<p>Puedes explicar de forma breve los productos que ofreces a tus clientes y sus modalidades.<\/p>\n<!-- \/wp:paragraph --><\/div>\n<!-- \/wp:column -->\n\n<!-- wp:column -->\n<div class=\"wp-block-column\"><!-- wp:image {\"id\":11325,\"sizeSlug\":\"large\",\"linkDestination\":\"none\"} -->\n<figure class=\"wp-block-image size-large\"><img src=\"https:\/\/www.assap.ad\/wp-content\/plugins\/wp-optimizado\/admin\/assets\/image\/landscape-1024x666.jpg\" alt=\"\" class=\"wp-image-11325\"\/><\/figure>\n<!-- \/wp:image -->\n\n<!-- wp:heading {\"level\":3,\"style\":{\"typography\":{\"fontSize\":\"22px\",\"lineHeight\":\"1.3\",\"fontStyle\":\"normal\",\"fontWeight\":\"400\"}}} -->\n<h3 style=\"font-size:22px;font-style:normal;font-weight:400;line-height:1.3\"><strong>Segundo bloque<\/strong><\/h3>\n<!-- \/wp:heading -->\n\n<!-- wp:paragraph -->\n<p>Aprovecha para contar otros servicios en los que eres un especialista. Utiliza frases cortas.<\/p>\n<!-- \/wp:paragraph --><\/div>\n<!-- \/wp:column -->\n\n<!-- wp:column -->\n<div class=\"wp-block-column\"><!-- wp:image {\"id\":11325,\"sizeSlug\":\"large\",\"linkDestination\":\"none\"} -->\n<figure class=\"wp-block-image size-large\"><img src=\"https:\/\/www.assap.ad\/wp-content\/plugins\/wp-optimizado\/admin\/assets\/image\/landscape-1024x666.jpg\" alt=\"\" class=\"wp-image-11325\"\/><\/figure>\n<!-- \/wp:image -->\n\n<!-- wp:heading {\"level\":3,\"style\":{\"typography\":{\"fontSize\":\"22px\",\"lineHeight\":\"1.3\",\"fontStyle\":\"normal\",\"fontWeight\":\"400\"}}} -->\n<h3 style=\"font-size:22px;font-style:normal;font-weight:400;line-height:1.3\"><strong>Tercer bloque<\/strong><\/h3>\n<!-- \/wp:heading -->\n\n<!-- wp:paragraph -->\n<p>Si ofreces un servicio diferencial, tienes que contarlo en esta primera p\u00e1gina para impactar.<\/p>\n<!-- \/wp:paragraph --><\/div>\n<!-- \/wp:column --><\/div>\n<!-- \/wp:columns -->\n\n<!-- wp:paragraph -->\n<p><\/p>\n<!-- \/wp:paragraph -->","_et_gb_content_width":"","inline_featured_image":false,"footnotes":""},"categoria-seguro":[39],"class_list":["post-5147","page","type-page","status-publish","has-post-thumbnail","hentry","categoria-seguro-particulares"],"acf":[],"_links":{"self":[{"href":"https:\/\/www.assap.ad\/es\/wp-json\/wp\/v2\/pages\/5147","targetHints":{"allow":["GET"]}}],"collection":[{"href":"https:\/\/www.assap.ad\/es\/wp-json\/wp\/v2\/pages"}],"about":[{"href":"https:\/\/www.assap.ad\/es\/wp-json\/wp\/v2\/types\/page"}],"author":[{"embeddable":true,"href":"https:\/\/www.assap.ad\/es\/wp-json\/wp\/v2\/users\/1"}],"replies":[{"embeddable":true,"href":"https:\/\/www.assap.ad\/es\/wp-json\/wp\/v2\/comments?post=5147"}],"version-history":[{"count":8,"href":"https:\/\/www.assap.ad\/es\/wp-json\/wp\/v2\/pages\/5147\/revisions"}],"predecessor-version":[{"id":7102,"href":"https:\/\/www.assap.ad\/es\/wp-json\/wp\/v2\/pages\/5147\/revisions\/7102"}],"up":[{"embeddable":true,"href":"https:\/\/www.assap.ad\/es\/wp-json\/wp\/v2\/pages\/6"}],"wp:featuredmedia":[{"embeddable":true,"href":"https:\/\/www.assap.ad\/es\/wp-json\/wp\/v2\/media\/4149"}],"wp:attachment":[{"href":"https:\/\/www.assap.ad\/es\/wp-json\/wp\/v2\/media?parent=5147"}],"wp:term":[{"taxonomy":"categoria-seguro","embeddable":true,"href":"https:\/\/www.assap.ad\/es\/wp-json\/wp\/v2\/categoria-seguro?post=5147"}],"curies":[{"name":"wp","href":"https:\/\/api.w.org\/{rel}","templated":true}]}}